{"id":437,"date":"2018-09-04T12:29:03","date_gmt":"2018-09-04T15:29:03","guid":{"rendered":"http:\/\/10.101.10.197\/iyp\/?page_id=437"},"modified":"2025-09-22T12:16:27","modified_gmt":"2025-09-22T15:16:27","slug":"carreras-de-posgrado","status":"publish","type":"page","link":"https:\/\/iyp.fcejs.unsl.edu.ar\/index.php\/posgrado\/carreras-de-posgrado\/","title":{"rendered":"Carreras de Posgrado"},"content":{"rendered":"\t\t<div data-elementor-type=\"wp-post\" data-elementor-id=\"437\" class=\"elementor elementor-437\">\n\t\t\t\t\t\t<section class=\"elementor-section elementor-top-section elementor-element elementor-element-c3236c5 elementor-section-boxed elementor-section-height-default elementor-section-height-default\" data-id=\"c3236c5\" data-element_type=\"section\" data-e-type=\"section\">\n\t\t\t\t\t\t<div class=\"elementor-container elementor-column-gap-default\">\n\t\t\t\t\t<div class=\"elementor-column elementor-col-100 elementor-top-column elementor-element elementor-element-42acd13\" data-id=\"42acd13\" data-element_type=\"column\" data-e-type=\"column\">\n\t\t\t<div class=\"elementor-widget-wrap elementor-element-populated\">\n\t\t\t\t\t\t<div class=\"elementor-element elementor-element-2236e00 elementor-widget elementor-widget-heading\" data-id=\"2236e00\" data-element_type=\"widget\" data-e-type=\"widget\" data-widget_type=\"heading.default\">\n\t\t\t\t<div class=\"elementor-widget-container\">\n\t\t\t\t\t<h2 class=\"elementor-heading-title elementor-size-default\">Doctorado<\/h2>\t\t\t\t<\/div>\n\t\t\t\t<\/div>\n\t\t\t\t<section class=\"elementor-section elementor-inner-section elementor-element elementor-element-3712513 elementor-section-boxed elementor-section-height-default elementor-section-height-default\" data-id=\"3712513\" data-element_type=\"section\" data-e-type=\"section\">\n\t\t\t\t\t\t<div class=\"elementor-container elementor-column-gap-default\">\n\t\t\t\t\t<div class=\"elementor-column elementor-col-50 elementor-inner-column elementor-element elementor-element-7927c6e animated-slow elementor-invisible\" data-id=\"7927c6e\" data-element_type=\"column\" data-e-type=\"column\" data-settings=\"{&quot;animation&quot;:&quot;zoomInUp&quot;}\">\n\t\t\t<div class=\"elementor-widget-wrap elementor-element-populated\">\n\t\t\t\t\t\t<div class=\"elementor-element elementor-element-719aa27 animated-slow elementor-widget elementor-widget-image\" data-id=\"719aa27\" data-element_type=\"widget\" data-e-type=\"widget\" data-settings=\"{&quot;_animation&quot;:&quot;none&quot;}\" data-widget_type=\"image.default\">\n\t\t\t\t<div class=\"elementor-widget-container\">\n\t\t\t\t\t\t\t\t\t\t\t\t\t\t\t<img fetchpriority=\"high\" decoding=\"async\" width=\"561\" height=\"513\" src=\"https:\/\/iyp.fcejs.unsl.edu.ar\/wp-content\/uploads\/2025\/05\/DoctoradoCS.jpg\" class=\"attachment-large size-large wp-image-3774\" alt=\"\" srcset=\"https:\/\/iyp.fcejs.unsl.edu.ar\/wp-content\/uploads\/2025\/05\/DoctoradoCS.jpg 561w, https:\/\/iyp.fcejs.unsl.edu.ar\/wp-content\/uploads\/2025\/05\/DoctoradoCS-300x274.jpg 300w\" sizes=\"(max-width: 561px) 100vw, 561px\" \/>\t\t\t\t\t\t\t\t\t\t\t\t\t\t\t<\/div>\n\t\t\t\t<\/div>\n\t\t\t\t<div class=\"elementor-element elementor-element-c2f99f9 elementor-button-info elementor-align-center elementor-widget elementor-widget-button\" data-id=\"c2f99f9\" data-element_type=\"widget\" data-e-type=\"widget\" data-widget_type=\"button.default\">\n\t\t\t\t<div class=\"elementor-widget-container\">\n\t\t\t\t\t\t\t\t\t<div class=\"elementor-button-wrapper\">\n\t\t\t\t\t<a class=\"elementor-button elementor-button-link elementor-size-sm\" href=\"https:\/\/humanas.unsl.edu.ar\/index.php\/inicio\/carreras\/carreras-de-posgrado\/doctorado-en-ciencias-sociales\/\" target=\"_blank\">\n\t\t\t\t\t\t<span class=\"elementor-button-content-wrapper\">\n\t\t\t\t\t\t\t\t\t<span class=\"elementor-button-text\">M\u00e1s informaci\u00f3n<\/span>\n\t\t\t\t\t<\/span>\n\t\t\t\t\t<\/a>\n\t\t\t\t<\/div>\n\t\t\t\t\t\t\t\t<\/div>\n\t\t\t\t<\/div>\n\t\t\t\t\t<\/div>\n\t\t<\/div>\n\t\t\t\t<div class=\"elementor-column elementor-col-50 elementor-inner-column elementor-element elementor-element-d3a4a0c animated-slow elementor-invisible\" data-id=\"d3a4a0c\" data-element_type=\"column\" data-e-type=\"column\" data-settings=\"{&quot;animation&quot;:&quot;zoomInLeft&quot;}\">\n\t\t\t<div class=\"elementor-widget-wrap elementor-element-populated\">\n\t\t\t\t\t\t<div class=\"elementor-element elementor-element-e584ebe elementor-align-left elementor-widget elementor-widget-button\" data-id=\"e584ebe\" data-element_type=\"widget\" data-e-type=\"widget\" data-widget_type=\"button.default\">\n\t\t\t\t<div class=\"elementor-widget-container\">\n\t\t\t\t\t\t\t\t\t<div class=\"elementor-button-wrapper\">\n\t\t\t\t\t<a class=\"elementor-button elementor-size-sm\" role=\"button\">\n\t\t\t\t\t\t<span class=\"elementor-button-content-wrapper\">\n\t\t\t\t\t\t<span class=\"elementor-button-icon\">\n\t\t\t\t<i aria-hidden=\"true\" class=\"fas fa-user-graduate\"><\/i>\t\t\t<\/span>\n\t\t\t\t\t\t\t\t\t<span class=\"elementor-button-text\">Denominaci\u00f3n de Titulo a otorgar:  Doctorado en Ciencias Sociales<\/span>\n\t\t\t\t\t<\/span>\n\t\t\t\t\t<\/a>\n\t\t\t\t<\/div>\n\t\t\t\t\t\t\t\t<\/div>\n\t\t\t\t<\/div>\n\t\t\t\t<div class=\"elementor-element elementor-element-e06915a elementor-widget elementor-widget-text-editor\" data-id=\"e06915a\" data-element_type=\"widget\" data-e-type=\"widget\" data-widget_type=\"text-editor.default\">\n\t\t\t\t<div class=\"elementor-widget-container\">\n\t\t\t\t\t\t\t\t\t<div>El Doctorado en Ciencias Sociales es una carrera\u00a0 creada en conjunto entre la Facultad de Ciencias Econ\u00f3micas, Jur\u00eddicas y Socialesy la Facultad de Ciencias Humanas\u00a0 \u00a0de la Universidad Nacional de San Luis.<\/div>\n<div>\u00a0<\/div>\n<div><span class=\"gmail_signature_prefix\">Acred CONEAU:<a href=\"https:\/\/iyp.fcejs.unsl.edu.ar\/wp-content\/uploads\/2025\/05\/CONEAU-IF2024-108906111.pdf\" target=\"_blank\" rel=\"noopener\">CONEAU-IF2024-<wbr \/>108906111\u00a0<\/a><br \/>Plan de Estudios: OCD 4-2024 (FCEJS-UNSL)<\/span><\/div>\n<div><span class=\"gmail_signature_prefix\">Reglamento de Carrera: <a href=\"https:\/\/iyp.fcejs.unsl.edu.ar\/wp-content\/uploads\/2025\/05\/OCD-N\u00b0-1-2025-Rectificacion-Anexos-Doctorado.pdf\" target=\"_blank\" rel=\"noopener\">OCD 1-2025<\/a><\/span>(FCEJS-UNSL)<\/div>\n<p>\u00a0<\/p>\t\t\t\t\t\t\t\t<\/div>\n\t\t\t\t<\/div>\n\t\t\t\t<div class=\"elementor-element elementor-element-a7f0654 elementor-align-left elementor-widget elementor-widget-button\" data-id=\"a7f0654\" data-element_type=\"widget\" data-e-type=\"widget\" data-widget_type=\"button.default\">\n\t\t\t\t<div class=\"elementor-widget-container\">\n\t\t\t\t\t\t\t\t\t<div class=\"elementor-button-wrapper\">\n\t\t\t\t\t<a class=\"elementor-button elementor-size-sm\" role=\"button\">\n\t\t\t\t\t\t<span class=\"elementor-button-content-wrapper\">\n\t\t\t\t\t\t\t\t\t<span class=\"elementor-button-text\">Directores\/as: Dir. Dra Gabriela Gasquez (FCH-UNSL) CoDir. Dr Daniel Gorra (FCEJS-UNSL)<\/span>\n\t\t\t\t\t<\/span>\n\t\t\t\t\t<\/a>\n\t\t\t\t<\/div>\n\t\t\t\t\t\t\t\t<\/div>\n\t\t\t\t<\/div>\n\t\t\t\t<div class=\"elementor-element elementor-element-1bacc0b elementor-align-left elementor-widget elementor-widget-button\" data-id=\"1bacc0b\" data-element_type=\"widget\" data-e-type=\"widget\" data-widget_type=\"button.default\">\n\t\t\t\t<div class=\"elementor-widget-container\">\n\t\t\t\t\t\t\t\t\t<div class=\"elementor-button-wrapper\">\n\t\t\t\t\t<a class=\"elementor-button elementor-size-sm\" role=\"button\">\n\t\t\t\t\t\t<span class=\"elementor-button-content-wrapper\">\n\t\t\t\t\t\t\t\t\t<span class=\"elementor-button-text\">Destinatarios<\/span>\n\t\t\t\t\t<\/span>\n\t\t\t\t\t<\/a>\n\t\t\t\t<\/div>\n\t\t\t\t\t\t\t\t<\/div>\n\t\t\t\t<\/div>\n\t\t\t\t<div class=\"elementor-element elementor-element-f8545c8 elementor-widget elementor-widget-text-editor\" data-id=\"f8545c8\" data-element_type=\"widget\" data-e-type=\"widget\" data-widget_type=\"text-editor.default\">\n\t\t\t\t<div class=\"elementor-widget-container\">\n\t\t\t\t\t\t\t\t\t<p>Graduadas\/os universitarias\/os con t\u00edtulo de nivel superior, del pa\u00eds y del extranjero, correspondiente a una carrera de CUATRO (4) a\u00f1os de duraci\u00f3n como m\u00ednimo. Excepcionalmente podr\u00e1 ser admitida\/o un\/a graduada\/o de carrera de duraci\u00f3n menor de 4 a\u00f1os, en m\u00e9rito a sus antecedentes y previo cumplimiento de los requisitos complementarios que oportunamente fije el Comit\u00e9 Acad\u00e9mico.<\/p>\t\t\t\t\t\t\t\t<\/div>\n\t\t\t\t<\/div>\n\t\t\t\t<div class=\"elementor-element elementor-element-e5e5ae0 elementor-align-left elementor-widget elementor-widget-button\" data-id=\"e5e5ae0\" data-element_type=\"widget\" data-e-type=\"widget\" data-widget_type=\"button.default\">\n\t\t\t\t<div class=\"elementor-widget-container\">\n\t\t\t\t\t\t\t\t\t<div class=\"elementor-button-wrapper\">\n\t\t\t\t\t<a class=\"elementor-button elementor-size-sm\" role=\"button\">\n\t\t\t\t\t\t<span class=\"elementor-button-content-wrapper\">\n\t\t\t\t\t\t\t\t\t<span class=\"elementor-button-text\">Objetivos<\/span>\n\t\t\t\t\t<\/span>\n\t\t\t\t\t<\/a>\n\t\t\t\t<\/div>\n\t\t\t\t\t\t\t\t<\/div>\n\t\t\t\t<\/div>\n\t\t\t\t<div class=\"elementor-element elementor-element-2b4c746 elementor-widget elementor-widget-text-editor\" data-id=\"2b4c746\" data-element_type=\"widget\" data-e-type=\"widget\" data-widget_type=\"text-editor.default\">\n\t\t\t\t<div class=\"elementor-widget-container\">\n\t\t\t\t\t\t\t\t\t<p>\u00a0Garantizar una formaci\u00f3n en investigaci\u00f3n, contemplando la complejidad de las problem\u00e1ticas de las Ciencias Sociales contempor\u00e1neas y de otros campos de conocimiento humano. &#8211; Posibilitar la articulaci\u00f3n entre la formaci\u00f3n especializada y el campo general de las Ciencias Sociales, a fin de lograr la distinci\u00f3n y profundizaci\u00f3n conceptual de los saberes y destrezas requeridos para la delimitaci\u00f3n y el estudio de problem\u00e1ticas sociales. &#8211; Contribuir a la comprensi\u00f3n de la din\u00e1mica social contempor\u00e1nea y sus transformaciones, teniendo en cuenta las dimensiones hist\u00f3ricas, pol\u00edticas, econ\u00f3micas, culturales, sociales, as\u00ed como los constructos te\u00f3ricos.<\/p>\t\t\t\t\t\t\t\t<\/div>\n\t\t\t\t<\/div>\n\t\t\t\t\t<\/div>\n\t\t<\/div>\n\t\t\t\t\t<\/div>\n\t\t<\/section>\n\t\t\t\t<div class=\"elementor-element elementor-element-bc60c07 elementor-widget elementor-widget-heading\" data-id=\"bc60c07\" data-element_type=\"widget\" data-e-type=\"widget\" data-widget_type=\"heading.default\">\n\t\t\t\t<div class=\"elementor-widget-container\">\n\t\t\t\t\t<h2 class=\"elementor-heading-title elementor-size-default\">Maestr\u00edas<\/h2>\t\t\t\t<\/div>\n\t\t\t\t<\/div>\n\t\t\t\t<section class=\"elementor-section elementor-inner-section elementor-element elementor-element-b43c9e9 elementor-section-boxed elementor-section-height-default elementor-section-height-default\" data-id=\"b43c9e9\" data-element_type=\"section\" data-e-type=\"section\">\n\t\t\t\t\t\t<div class=\"elementor-container elementor-column-gap-default\">\n\t\t\t\t\t<div class=\"elementor-column elementor-col-50 elementor-inner-column elementor-element elementor-element-9acabf2 animated-slow elementor-invisible\" data-id=\"9acabf2\" data-element_type=\"column\" data-e-type=\"column\" data-settings=\"{&quot;animation&quot;:&quot;zoomInUp&quot;}\">\n\t\t\t<div class=\"elementor-widget-wrap elementor-element-populated\">\n\t\t\t\t\t\t<div class=\"elementor-element elementor-element-aa9ecf0 animated-slow elementor-widget elementor-widget-image\" data-id=\"aa9ecf0\" data-element_type=\"widget\" data-e-type=\"widget\" data-settings=\"{&quot;_animation&quot;:&quot;none&quot;}\" data-widget_type=\"image.default\">\n\t\t\t\t<div class=\"elementor-widget-container\">\n\t\t\t\t\t\t\t\t\t\t\t\t\t\t\t<img decoding=\"async\" width=\"561\" height=\"513\" src=\"https:\/\/iyp.fcejs.unsl.edu.ar\/wp-content\/uploads\/2020\/03\/MEyN.png\" class=\"attachment-large size-large wp-image-2811\" alt=\"\" srcset=\"https:\/\/iyp.fcejs.unsl.edu.ar\/wp-content\/uploads\/2020\/03\/MEyN.png 561w, https:\/\/iyp.fcejs.unsl.edu.ar\/wp-content\/uploads\/2020\/03\/MEyN-300x274.png 300w\" sizes=\"(max-width: 561px) 100vw, 561px\" \/>\t\t\t\t\t\t\t\t\t\t\t\t\t\t\t<\/div>\n\t\t\t\t<\/div>\n\t\t\t\t<div class=\"elementor-element elementor-element-6d5f26b elementor-button-info elementor-align-center elementor-widget elementor-widget-button\" data-id=\"6d5f26b\" data-element_type=\"widget\" data-e-type=\"widget\" data-widget_type=\"button.default\">\n\t\t\t\t<div class=\"elementor-widget-container\">\n\t\t\t\t\t\t\t\t\t<div class=\"elementor-button-wrapper\">\n\t\t\t\t\t<a class=\"elementor-button elementor-button-link elementor-size-sm\" href=\"https:\/\/meyn.fcejs.unsl.edu.ar\/\">\n\t\t\t\t\t\t<span class=\"elementor-button-content-wrapper\">\n\t\t\t\t\t\t\t\t\t<span class=\"elementor-button-text\">M\u00e1s informaci\u00f3n<\/span>\n\t\t\t\t\t<\/span>\n\t\t\t\t\t<\/a>\n\t\t\t\t<\/div>\n\t\t\t\t\t\t\t\t<\/div>\n\t\t\t\t<\/div>\n\t\t\t\t\t<\/div>\n\t\t<\/div>\n\t\t\t\t<div class=\"elementor-column elementor-col-50 elementor-inner-column elementor-element elementor-element-1b1ccbb animated-slow elementor-invisible\" data-id=\"1b1ccbb\" data-element_type=\"column\" data-e-type=\"column\" data-settings=\"{&quot;animation&quot;:&quot;zoomInLeft&quot;}\">\n\t\t\t<div class=\"elementor-widget-wrap elementor-element-populated\">\n\t\t\t\t\t\t<div class=\"elementor-element elementor-element-fc54891 elementor-align-left elementor-widget elementor-widget-button\" data-id=\"fc54891\" data-element_type=\"widget\" data-e-type=\"widget\" data-widget_type=\"button.default\">\n\t\t\t\t<div class=\"elementor-widget-container\">\n\t\t\t\t\t\t\t\t\t<div class=\"elementor-button-wrapper\">\n\t\t\t\t\t<a class=\"elementor-button elementor-size-sm\" role=\"button\">\n\t\t\t\t\t\t<span class=\"elementor-button-content-wrapper\">\n\t\t\t\t\t\t<span class=\"elementor-button-icon\">\n\t\t\t\t<i aria-hidden=\"true\" class=\"fas fa-user-graduate\"><\/i>\t\t\t<\/span>\n\t\t\t\t\t\t\t\t\t<span class=\"elementor-button-text\">Denominaci\u00f3n de Titulo a otorgar:  Magister en Econom\u00eda y Negocios<\/span>\n\t\t\t\t\t<\/span>\n\t\t\t\t\t<\/a>\n\t\t\t\t<\/div>\n\t\t\t\t\t\t\t\t<\/div>\n\t\t\t\t<\/div>\n\t\t\t\t<div class=\"elementor-element elementor-element-5e56737 elementor-widget elementor-widget-text-editor\" data-id=\"5e56737\" data-element_type=\"widget\" data-e-type=\"widget\" data-widget_type=\"text-editor.default\">\n\t\t\t\t<div class=\"elementor-widget-container\">\n\t\t\t\t\t\t\t\t\t<p>Acred. CONEAU <span style=\"color: #ff0000;\"><a style=\"color: #ff0000;\" href=\"https:\/\/iyp.fcejs.unsl.edu.ar\/docs\/Maestria\/MEyN\/RS-2020-58976738-APN-CONEAU%23ME.pdf\" target=\"_blank\" rel=\"noopener\">RS-2020-58976738-APN-CONEAU#ME<\/a><\/span><br \/>Reconocimiento Oficial de t\u00edtulo Res M 2349\/2016<br \/>Plan de estudios <a href=\"https:\/\/iyp.fcejs.unsl.edu.ar\/docs\/Maestria\/MEyN\/Ord.%20CD%2016-19%20Plan%20de%20Estudios%20Maestria%20en%20Economia%20y%20Negocios.pdf\">OCD 16\/19<\/a><br \/>Reglamento de carrera <a href=\"https:\/\/iyp.fcejs.unsl.edu.ar\/docs\/Maestria\/MEyN\/Ord.%20CD%2005-19%20Reglamento%20Maestria%20en%20Economia%20y%20Negocios.pdf\">OCD 05\/19<\/a> y <a href=\"https:\/\/iyp.fcejs.unsl.edu.ar\/docs\/Maestria\/MEyN\/Ord.%20CD%2017-19%20-%20Rectifica%20Ord.%20CD%2005-19.pdf\">OCD 17\/19<\/a><\/p>\t\t\t\t\t\t\t\t<\/div>\n\t\t\t\t<\/div>\n\t\t\t\t<div class=\"elementor-element elementor-element-8d0e645 elementor-align-left elementor-widget elementor-widget-button\" data-id=\"8d0e645\" data-element_type=\"widget\" data-e-type=\"widget\" data-widget_type=\"button.default\">\n\t\t\t\t<div class=\"elementor-widget-container\">\n\t\t\t\t\t\t\t\t\t<div class=\"elementor-button-wrapper\">\n\t\t\t\t\t<a class=\"elementor-button elementor-size-sm\" role=\"button\">\n\t\t\t\t\t\t<span class=\"elementor-button-content-wrapper\">\n\t\t\t\t\t\t\t\t\t<span class=\"elementor-button-text\">Director: Magister Jorge Ra\u00fal D\u00edaz<\/span>\n\t\t\t\t\t<\/span>\n\t\t\t\t\t<\/a>\n\t\t\t\t<\/div>\n\t\t\t\t\t\t\t\t<\/div>\n\t\t\t\t<\/div>\n\t\t\t\t<div class=\"elementor-element elementor-element-1918179 elementor-align-left elementor-widget elementor-widget-button\" data-id=\"1918179\" data-element_type=\"widget\" data-e-type=\"widget\" data-widget_type=\"button.default\">\n\t\t\t\t<div class=\"elementor-widget-container\">\n\t\t\t\t\t\t\t\t\t<div class=\"elementor-button-wrapper\">\n\t\t\t\t\t<a class=\"elementor-button elementor-size-sm\" role=\"button\">\n\t\t\t\t\t\t<span class=\"elementor-button-content-wrapper\">\n\t\t\t\t\t\t\t\t\t<span class=\"elementor-button-text\">Destinatarios<\/span>\n\t\t\t\t\t<\/span>\n\t\t\t\t\t<\/a>\n\t\t\t\t<\/div>\n\t\t\t\t\t\t\t\t<\/div>\n\t\t\t\t<\/div>\n\t\t\t\t<div class=\"elementor-element elementor-element-fa43ecd elementor-widget elementor-widget-text-editor\" data-id=\"fa43ecd\" data-element_type=\"widget\" data-e-type=\"widget\" data-widget_type=\"text-editor.default\">\n\t\t\t\t<div class=\"elementor-widget-container\">\n\t\t\t\t\t\t\t\t\t<p>Podr\u00e1n ser admitidos los graduados en Ciencias Econ\u00f3micas de universidades p\u00fablicas o privadas, legalmente reconocidas, que posean t\u00edtulo universitario oficialmente reconocido por el Ministerio de Educaci\u00f3n de la Naci\u00f3n.<br \/>La admisi\u00f3n de quienes no posean t\u00edtulo universitario de las Ciencias Econ\u00f3micas ser\u00e1 evaluada por la Comisi\u00f3n Acad\u00e9mica.<\/p>\t\t\t\t\t\t\t\t<\/div>\n\t\t\t\t<\/div>\n\t\t\t\t<div class=\"elementor-element elementor-element-3aab3db elementor-align-left elementor-widget elementor-widget-button\" data-id=\"3aab3db\" data-element_type=\"widget\" data-e-type=\"widget\" data-widget_type=\"button.default\">\n\t\t\t\t<div class=\"elementor-widget-container\">\n\t\t\t\t\t\t\t\t\t<div class=\"elementor-button-wrapper\">\n\t\t\t\t\t<a class=\"elementor-button elementor-size-sm\" role=\"button\">\n\t\t\t\t\t\t<span class=\"elementor-button-content-wrapper\">\n\t\t\t\t\t\t\t\t\t<span class=\"elementor-button-text\">Objetivos<\/span>\n\t\t\t\t\t<\/span>\n\t\t\t\t\t<\/a>\n\t\t\t\t<\/div>\n\t\t\t\t\t\t\t\t<\/div>\n\t\t\t\t<\/div>\n\t\t\t\t<div class=\"elementor-element elementor-element-1fe131b elementor-widget elementor-widget-text-editor\" data-id=\"1fe131b\" data-element_type=\"widget\" data-e-type=\"widget\" data-widget_type=\"text-editor.default\">\n\t\t\t\t<div class=\"elementor-widget-container\">\n\t\t\t\t\t\t\t\t\t<p>Esta Maestr\u00eda tiene como objetivo potenciar la capacidad directiva, administrativa y funcional de los participantes a trav\u00e9s de la formaci\u00f3n y actualizaci\u00f3n en las tecnolog\u00edas de gesti\u00f3n para el abordaje de los desaf\u00edos actuales en la actividad profesional.<br><\/p>\t\t\t\t\t\t\t\t<\/div>\n\t\t\t\t<\/div>\n\t\t\t\t\t<\/div>\n\t\t<\/div>\n\t\t\t\t\t<\/div>\n\t\t<\/section>\n\t\t\t\t<section class=\"elementor-section elementor-inner-section elementor-element elementor-element-681d249 elementor-section-boxed elementor-section-height-default elementor-section-height-default\" data-id=\"681d249\" data-element_type=\"section\" data-e-type=\"section\">\n\t\t\t\t\t\t<div class=\"elementor-container elementor-column-gap-default\">\n\t\t\t\t\t<div class=\"elementor-column elementor-col-50 elementor-inner-column elementor-element elementor-element-04ab80e animated-slow elementor-invisible\" data-id=\"04ab80e\" data-element_type=\"column\" data-e-type=\"column\" data-settings=\"{&quot;animation&quot;:&quot;zoomInUp&quot;}\">\n\t\t\t<div class=\"elementor-widget-wrap elementor-element-populated\">\n\t\t\t\t\t\t<div class=\"elementor-element elementor-element-b462ffb elementor-invisible elementor-widget elementor-widget-image\" data-id=\"b462ffb\" data-element_type=\"widget\" data-e-type=\"widget\" data-settings=\"{&quot;_animation&quot;:&quot;zoomInUp&quot;}\" data-widget_type=\"image.default\">\n\t\t\t\t<div class=\"elementor-widget-container\">\n\t\t\t\t\t\t\t\t\t\t\t\t\t\t\t<img decoding=\"async\" width=\"561\" height=\"513\" src=\"https:\/\/iyp.fcejs.unsl.edu.ar\/wp-content\/uploads\/2020\/03\/MSeI.png\" class=\"attachment-large size-large wp-image-2812\" alt=\"\" srcset=\"https:\/\/iyp.fcejs.unsl.edu.ar\/wp-content\/uploads\/2020\/03\/MSeI.png 561w, https:\/\/iyp.fcejs.unsl.edu.ar\/wp-content\/uploads\/2020\/03\/MSeI-300x274.png 300w\" sizes=\"(max-width: 561px) 100vw, 561px\" \/>\t\t\t\t\t\t\t\t\t\t\t\t\t\t\t<\/div>\n\t\t\t\t<\/div>\n\t\t\t\t<div class=\"elementor-element elementor-element-cde73cf elementor-button-info elementor-align-center elementor-widget elementor-widget-button\" data-id=\"cde73cf\" data-element_type=\"widget\" data-e-type=\"widget\" data-widget_type=\"button.default\">\n\t\t\t\t<div class=\"elementor-widget-container\">\n\t\t\t\t\t\t\t\t\t<div class=\"elementor-button-wrapper\">\n\t\t\t\t\t<a class=\"elementor-button elementor-button-link elementor-size-sm\" href=\"https:\/\/msei.fcejs.unsl.edu.ar\/\">\n\t\t\t\t\t\t<span class=\"elementor-button-content-wrapper\">\n\t\t\t\t\t\t\t\t\t<span class=\"elementor-button-text\">M\u00e1s informaci\u00f3n<\/span>\n\t\t\t\t\t<\/span>\n\t\t\t\t\t<\/a>\n\t\t\t\t<\/div>\n\t\t\t\t\t\t\t\t<\/div>\n\t\t\t\t<\/div>\n\t\t\t\t\t<\/div>\n\t\t<\/div>\n\t\t\t\t<div class=\"elementor-column elementor-col-50 elementor-inner-column elementor-element elementor-element-1ccbc0c animated-slow\" data-id=\"1ccbc0c\" data-element_type=\"column\" data-e-type=\"column\" data-settings=\"{&quot;animation&quot;:&quot;none&quot;}\">\n\t\t\t<div class=\"elementor-widget-wrap elementor-element-populated\">\n\t\t\t\t\t\t<div class=\"elementor-element elementor-element-f05b204 elementor-align-left elementor-widget elementor-widget-button\" data-id=\"f05b204\" data-element_type=\"widget\" data-e-type=\"widget\" data-widget_type=\"button.default\">\n\t\t\t\t<div class=\"elementor-widget-container\">\n\t\t\t\t\t\t\t\t\t<div class=\"elementor-button-wrapper\">\n\t\t\t\t\t<a class=\"elementor-button elementor-size-sm\" role=\"button\">\n\t\t\t\t\t\t<span class=\"elementor-button-content-wrapper\">\n\t\t\t\t\t\t<span class=\"elementor-button-icon\">\n\t\t\t\t<i aria-hidden=\"true\" class=\"fas fa-user-graduate\"><\/i>\t\t\t<\/span>\n\t\t\t\t\t\t\t\t\t<span class=\"elementor-button-text\">Denominaci\u00f3n de Titulo a otorgar: Magister en Sociedad e Instituciones<\/span>\n\t\t\t\t\t<\/span>\n\t\t\t\t\t<\/a>\n\t\t\t\t<\/div>\n\t\t\t\t\t\t\t\t<\/div>\n\t\t\t\t<\/div>\n\t\t\t\t<div class=\"elementor-element elementor-element-daa1866 elementor-widget elementor-widget-text-editor\" data-id=\"daa1866\" data-element_type=\"widget\" data-e-type=\"widget\" data-widget_type=\"text-editor.default\">\n\t\t\t\t<div class=\"elementor-widget-container\">\n\t\t\t\t\t\t\t\t\t<p>Acred. CONEAU <a href=\"https:\/\/iyp.fcejs.unsl.edu.ar\/docs\/Maestria\/MSeI-RS-2020-44672009-APN-CONEAU.pdf\" target=\"_blank\" rel=\"noopener\">RESFC-2020-177-APN-CONEAU#ME<\/a><br \/><strong>Categor\u00eda B<\/strong><br \/>Reconocimiento Oficial de t\u00edtulo Res M 2211\/2012<br \/>Plan de Estudios OCD 11\/19<br \/>Reglamento de carrera OCD 04\/20<\/p>\t\t\t\t\t\t\t\t<\/div>\n\t\t\t\t<\/div>\n\t\t\t\t<div class=\"elementor-element elementor-element-689c3e8 elementor-align-left elementor-widget elementor-widget-button\" data-id=\"689c3e8\" data-element_type=\"widget\" data-e-type=\"widget\" data-widget_type=\"button.default\">\n\t\t\t\t<div class=\"elementor-widget-container\">\n\t\t\t\t\t\t\t\t\t<div class=\"elementor-button-wrapper\">\n\t\t\t\t\t<a class=\"elementor-button elementor-size-sm\" role=\"button\">\n\t\t\t\t\t\t<span class=\"elementor-button-content-wrapper\">\n\t\t\t\t\t\t\t\t\t<span class=\"elementor-button-text\">Directora: Dra. Graciela Castro<\/span>\n\t\t\t\t\t<\/span>\n\t\t\t\t\t<\/a>\n\t\t\t\t<\/div>\n\t\t\t\t\t\t\t\t<\/div>\n\t\t\t\t<\/div>\n\t\t\t\t<div class=\"elementor-element elementor-element-9bab805 elementor-align-left elementor-widget elementor-widget-button\" data-id=\"9bab805\" data-element_type=\"widget\" data-e-type=\"widget\" data-widget_type=\"button.default\">\n\t\t\t\t<div class=\"elementor-widget-container\">\n\t\t\t\t\t\t\t\t\t<div class=\"elementor-button-wrapper\">\n\t\t\t\t\t<a class=\"elementor-button elementor-size-sm\" role=\"button\">\n\t\t\t\t\t\t<span class=\"elementor-button-content-wrapper\">\n\t\t\t\t\t\t\t\t\t<span class=\"elementor-button-text\">Destinatarios<\/span>\n\t\t\t\t\t<\/span>\n\t\t\t\t\t<\/a>\n\t\t\t\t<\/div>\n\t\t\t\t\t\t\t\t<\/div>\n\t\t\t\t<\/div>\n\t\t\t\t<div class=\"elementor-element elementor-element-3112018 elementor-widget elementor-widget-text-editor\" data-id=\"3112018\" data-element_type=\"widget\" data-e-type=\"widget\" data-widget_type=\"text-editor.default\">\n\t\t\t\t<div class=\"elementor-widget-container\">\n\t\t\t\t\t\t\t\t\t<p>Graduados universitarios (docentes, investigadores y profesionales). Posee un plan de formaci\u00f3n\u00a0 multidisciplinaria \u00a0dedicado a profundizar los conocimientos y otorgar herramientas te\u00f3rico-pr\u00e1cticas de intervenci\u00f3n social.<\/p>\t\t\t\t\t\t\t\t<\/div>\n\t\t\t\t<\/div>\n\t\t\t\t<div class=\"elementor-element elementor-element-a0d3921 elementor-align-left elementor-widget elementor-widget-button\" data-id=\"a0d3921\" data-element_type=\"widget\" data-e-type=\"widget\" data-widget_type=\"button.default\">\n\t\t\t\t<div class=\"elementor-widget-container\">\n\t\t\t\t\t\t\t\t\t<div class=\"elementor-button-wrapper\">\n\t\t\t\t\t<a class=\"elementor-button elementor-size-sm\" role=\"button\">\n\t\t\t\t\t\t<span class=\"elementor-button-content-wrapper\">\n\t\t\t\t\t\t\t\t\t<span class=\"elementor-button-text\">Objetivos<\/span>\n\t\t\t\t\t<\/span>\n\t\t\t\t\t<\/a>\n\t\t\t\t<\/div>\n\t\t\t\t\t\t\t\t<\/div>\n\t\t\t\t<\/div>\n\t\t\t\t<div class=\"elementor-element elementor-element-2ab9bf7 elementor-widget elementor-widget-text-editor\" data-id=\"2ab9bf7\" data-element_type=\"widget\" data-e-type=\"widget\" data-widget_type=\"text-editor.default\">\n\t\t\t\t<div class=\"elementor-widget-container\">\n\t\t\t\t\t\t\t\t\t<p>Formar graduados con una s\u00f3lida capacidad te\u00f3rica y experimental que le permitan un id\u00f3neo desempe\u00f1o para la investigaci\u00f3n de las instituciones y como analista socio-institucional.<br \/>Formar graduados con una s\u00f3lida capacidad te\u00f3rica para el an\u00e1lisis de problem\u00e1ticas sociales y promoci\u00f3n de nuevas estrategias de acci\u00f3n que les posibiliten la formulaci\u00f3n y evaluaci\u00f3n de proyectos sociales.<\/p>\t\t\t\t\t\t\t\t<\/div>\n\t\t\t\t<\/div>\n\t\t\t\t\t<\/div>\n\t\t<\/div>\n\t\t\t\t\t<\/div>\n\t\t<\/section>\n\t\t\t\t<div class=\"elementor-element elementor-element-bacf2a6 elementor-widget elementor-widget-text-editor\" data-id=\"bacf2a6\" data-element_type=\"widget\" data-e-type=\"widget\" data-widget_type=\"text-editor.default\">\n\t\t\t\t<div class=\"elementor-widget-container\">\n\t\t\t\t\t\t\t\t\t\n<div class=\"wp-block-themeisle-blocks-advanced-columns has-undefined-columns has-desktop-undefined-layout has-tablet-equal-layout has-mobile-equal-layout has-default-gap has-vertical-unset\" id=\"wp-block-themeisle-blocks-advanced-columns-dd246dfe\"><div class=\"wp-block-themeisle-blocks-advanced-columns-overlay\"><\/div><div class=\"innerblocks-wrap\"><\/div><\/div>\n\t\t\t\t\t\t\t\t<\/div>\n\t\t\t\t<\/div>\n\t\t\t\t\t<\/div>\n\t\t<\/div>\n\t\t\t\t\t<\/div>\n\t\t<\/section>\n\t\t\t\t<section class=\"elementor-section elementor-top-section elementor-element elementor-element-8aaa25f elementor-section-boxed elementor-section-height-default elementor-section-height-default\" data-id=\"8aaa25f\" data-element_type=\"section\" data-e-type=\"section\">\n\t\t\t\t\t\t<div class=\"elementor-container elementor-column-gap-default\">\n\t\t\t\t\t<div class=\"elementor-column elementor-col-100 elementor-top-column elementor-element elementor-element-4d7bac3\" data-id=\"4d7bac3\" data-element_type=\"column\" data-e-type=\"column\">\n\t\t\t<div class=\"elementor-widget-wrap elementor-element-populated\">\n\t\t\t\t\t\t<div class=\"elementor-element elementor-element-279667c elementor-widget elementor-widget-heading\" data-id=\"279667c\" data-element_type=\"widget\" data-e-type=\"widget\" data-widget_type=\"heading.default\">\n\t\t\t\t<div class=\"elementor-widget-container\">\n\t\t\t\t\t<h2 class=\"elementor-heading-title elementor-size-default\">Especializaciones<\/h2>\t\t\t\t<\/div>\n\t\t\t\t<\/div>\n\t\t\t\t<section class=\"elementor-section elementor-inner-section elementor-element elementor-element-b10d0e9 elementor-section-boxed elementor-section-height-default elementor-section-height-default\" data-id=\"b10d0e9\" data-element_type=\"section\" data-e-type=\"section\">\n\t\t\t\t\t\t<div class=\"elementor-container elementor-column-gap-default\">\n\t\t\t\t\t<div class=\"elementor-column elementor-col-50 elementor-inner-column elementor-element elementor-element-4187c83 animated-slow elementor-invisible\" data-id=\"4187c83\" data-element_type=\"column\" data-e-type=\"column\" data-settings=\"{&quot;animation&quot;:&quot;zoomInUp&quot;}\">\n\t\t\t<div class=\"elementor-widget-wrap elementor-element-populated\">\n\t\t\t\t\t\t<div class=\"elementor-element elementor-element-1c42e73 animated-slow elementor-widget elementor-widget-image\" data-id=\"1c42e73\" data-element_type=\"widget\" data-e-type=\"widget\" data-settings=\"{&quot;_animation&quot;:&quot;none&quot;}\" data-widget_type=\"image.default\">\n\t\t\t\t<div class=\"elementor-widget-container\">\n\t\t\t\t\t\t\t\t\t\t\t\t\t\t\t<img loading=\"lazy\" decoding=\"async\" width=\"843\" height=\"920\" src=\"https:\/\/iyp.fcejs.unsl.edu.ar\/wp-content\/uploads\/2024\/04\/EGDS-938x1024.jpg\" class=\"attachment-large size-large wp-image-3528\" alt=\"\" srcset=\"https:\/\/iyp.fcejs.unsl.edu.ar\/wp-content\/uploads\/2024\/04\/EGDS-938x1024.jpg 938w, https:\/\/iyp.fcejs.unsl.edu.ar\/wp-content\/uploads\/2024\/04\/EGDS-275x300.jpg 275w, https:\/\/iyp.fcejs.unsl.edu.ar\/wp-content\/uploads\/2024\/04\/EGDS-768x839.jpg 768w, https:\/\/iyp.fcejs.unsl.edu.ar\/wp-content\/uploads\/2024\/04\/EGDS-1407x1536.jpg 1407w, https:\/\/iyp.fcejs.unsl.edu.ar\/wp-content\/uploads\/2024\/04\/EGDS-1876x2048.jpg 1876w, https:\/\/iyp.fcejs.unsl.edu.ar\/wp-content\/uploads\/2024\/04\/EGDS.jpg 2048w\" sizes=\"(max-width: 843px) 100vw, 843px\" \/>\t\t\t\t\t\t\t\t\t\t\t\t\t\t\t<\/div>\n\t\t\t\t<\/div>\n\t\t\t\t<div class=\"elementor-element elementor-element-dc08fb0 elementor-button-info elementor-align-center elementor-widget elementor-widget-button\" data-id=\"dc08fb0\" data-element_type=\"widget\" data-e-type=\"widget\" data-widget_type=\"button.default\">\n\t\t\t\t<div class=\"elementor-widget-container\">\n\t\t\t\t\t\t\t\t\t<div class=\"elementor-button-wrapper\">\n\t\t\t\t\t<a class=\"elementor-button elementor-button-link elementor-size-sm\" href=\"https:\/\/iyp.fcejs.unsl.edu.ar\/index.php\/egds\/\">\n\t\t\t\t\t\t<span class=\"elementor-button-content-wrapper\">\n\t\t\t\t\t\t\t\t\t<span class=\"elementor-button-text\">M\u00e1s informaci\u00f3n<\/span>\n\t\t\t\t\t<\/span>\n\t\t\t\t\t<\/a>\n\t\t\t\t<\/div>\n\t\t\t\t\t\t\t\t<\/div>\n\t\t\t\t<\/div>\n\t\t\t\t\t<\/div>\n\t\t<\/div>\n\t\t\t\t<div class=\"elementor-column elementor-col-50 elementor-inner-column elementor-element elementor-element-ad4b52b animated-slow elementor-invisible\" data-id=\"ad4b52b\" data-element_type=\"column\" data-e-type=\"column\" data-settings=\"{&quot;animation&quot;:&quot;zoomInLeft&quot;}\">\n\t\t\t<div class=\"elementor-widget-wrap elementor-element-populated\">\n\t\t\t\t\t\t<div class=\"elementor-element elementor-element-eaedfef elementor-align-left elementor-widget elementor-widget-button\" data-id=\"eaedfef\" data-element_type=\"widget\" data-e-type=\"widget\" data-widget_type=\"button.default\">\n\t\t\t\t<div class=\"elementor-widget-container\">\n\t\t\t\t\t\t\t\t\t<div class=\"elementor-button-wrapper\">\n\t\t\t\t\t<a class=\"elementor-button elementor-size-sm\" role=\"button\">\n\t\t\t\t\t\t<span class=\"elementor-button-content-wrapper\">\n\t\t\t\t\t\t<span class=\"elementor-button-icon\">\n\t\t\t\t<i aria-hidden=\"true\" class=\"fas fa-user-graduate\"><\/i>\t\t\t<\/span>\n\t\t\t\t\t\t\t\t\t<span class=\"elementor-button-text\">Titulo a otorgar: Especializaci\u00f3n en Gesti\u00f3n para el Desarrollo Sostenible<\/span>\n\t\t\t\t\t<\/span>\n\t\t\t\t\t<\/a>\n\t\t\t\t<\/div>\n\t\t\t\t\t\t\t\t<\/div>\n\t\t\t\t<\/div>\n\t\t\t\t<div class=\"elementor-element elementor-element-4e7abe1 elementor-widget elementor-widget-text-editor\" data-id=\"4e7abe1\" data-element_type=\"widget\" data-e-type=\"widget\" data-widget_type=\"text-editor.default\">\n\t\t\t\t<div class=\"elementor-widget-container\">\n\t\t\t\t\t\t\t\t\t<p>Acred CONEAU:<a href=\"https:\/\/iyp.fcejs.unsl.edu.ar\/wp-content\/uploads\/2023\/07\/IF-202_1-CONEAUhttps:\/\/iyp.fcejs.unsl.edu.ar\/wp-content\/uploads\/2023\/07\/IF-202_1-CONEAU.pdf.pdf\" target=\"_blank\" rel=\"noopener\"><strong>IF-2022-112897352-APN-CONEAU#ME<\/strong><\/a><br \/>Reconocimiento Oficial de t\u00edtulo:<a href=\"https:\/\/iyp.fcejs.unsl.edu.ar\/wp-content\/uploads\/2023\/07\/RES-727-23-Validez-Nacional-del-Titulo.pdf\" target=\"_blank\" rel=\"noopener\"><strong> RESOL-2023-727-APN-ME<\/strong><\/a><br \/>Plan de estudios: <a href=\"https:\/\/iyp.fcejs.unsl.edu.ar\/wp-content\/uploads\/2023\/07\/ORCD03-21.pdf\" target=\"_blank\" rel=\"noopener\"><strong>O.C.D. N\u00b0 03\/2021<\/strong><\/a><br \/>Reglamento de carrera: <a href=\"https:\/\/iyp.fcejs.unsl.edu.ar\/wp-content\/uploads\/2023\/07\/OCD004.pdf\" target=\"_blank\" rel=\"noopener\"><strong>O.C.D. N\u00b0 04\/2021<\/strong><\/a><br \/><br \/><\/p>\t\t\t\t\t\t\t\t<\/div>\n\t\t\t\t<\/div>\n\t\t\t\t<div class=\"elementor-element elementor-element-7ebd8bb elementor-align-left elementor-widget elementor-widget-button\" data-id=\"7ebd8bb\" data-element_type=\"widget\" data-e-type=\"widget\" data-widget_type=\"button.default\">\n\t\t\t\t<div class=\"elementor-widget-container\">\n\t\t\t\t\t\t\t\t\t<div class=\"elementor-button-wrapper\">\n\t\t\t\t\t<a class=\"elementor-button elementor-size-sm\" role=\"button\">\n\t\t\t\t\t\t<span class=\"elementor-button-content-wrapper\">\n\t\t\t\t\t\t\t\t\t<span class=\"elementor-button-text\">Director: Dr. Guillermo Catuogno<\/span>\n\t\t\t\t\t<\/span>\n\t\t\t\t\t<\/a>\n\t\t\t\t<\/div>\n\t\t\t\t\t\t\t\t<\/div>\n\t\t\t\t<\/div>\n\t\t\t\t<div class=\"elementor-element elementor-element-4364c2e elementor-align-left elementor-widget elementor-widget-button\" data-id=\"4364c2e\" data-element_type=\"widget\" data-e-type=\"widget\" data-widget_type=\"button.default\">\n\t\t\t\t<div class=\"elementor-widget-container\">\n\t\t\t\t\t\t\t\t\t<div class=\"elementor-button-wrapper\">\n\t\t\t\t\t<a class=\"elementor-button elementor-size-sm\" role=\"button\">\n\t\t\t\t\t\t<span class=\"elementor-button-content-wrapper\">\n\t\t\t\t\t\t\t\t\t<span class=\"elementor-button-text\">Destinatarios<\/span>\n\t\t\t\t\t<\/span>\n\t\t\t\t\t<\/a>\n\t\t\t\t<\/div>\n\t\t\t\t\t\t\t\t<\/div>\n\t\t\t\t<\/div>\n\t\t\t\t<div class=\"elementor-element elementor-element-3066d21 elementor-widget elementor-widget-text-editor\" data-id=\"3066d21\" data-element_type=\"widget\" data-e-type=\"widget\" data-widget_type=\"text-editor.default\">\n\t\t\t\t<div class=\"elementor-widget-container\">\n\t\t\t\t\t\t\t\t\t<p>Graduadas\/os universitarias\/os con t\u00edtulo de nivel superior, del pa\u00eds y del extranjero, correspondiente a una carrera de CUATRO (4) a\u00f1os de duraci\u00f3n como m\u00ednimo. Excepcionalmente podr\u00e1 ser admitida\/o un\/a graduada\/o de carrera de duraci\u00f3n menor de 4 a\u00f1os, en m\u00e9rito a sus antecedentes y previo cumplimiento de los requisitos complementarios que oportunamente fije el Comit\u00e9 Acad\u00e9mico.<\/p>\t\t\t\t\t\t\t\t<\/div>\n\t\t\t\t<\/div>\n\t\t\t\t<div class=\"elementor-element elementor-element-88d205f elementor-align-left elementor-widget elementor-widget-button\" data-id=\"88d205f\" data-element_type=\"widget\" data-e-type=\"widget\" data-widget_type=\"button.default\">\n\t\t\t\t<div class=\"elementor-widget-container\">\n\t\t\t\t\t\t\t\t\t<div class=\"elementor-button-wrapper\">\n\t\t\t\t\t<a class=\"elementor-button elementor-size-sm\" role=\"button\">\n\t\t\t\t\t\t<span class=\"elementor-button-content-wrapper\">\n\t\t\t\t\t\t\t\t\t<span class=\"elementor-button-text\">Objetivos<\/span>\n\t\t\t\t\t<\/span>\n\t\t\t\t\t<\/a>\n\t\t\t\t<\/div>\n\t\t\t\t\t\t\t\t<\/div>\n\t\t\t\t<\/div>\n\t\t\t\t<div class=\"elementor-element elementor-element-211fc73 elementor-widget elementor-widget-text-editor\" data-id=\"211fc73\" data-element_type=\"widget\" data-e-type=\"widget\" data-widget_type=\"text-editor.default\">\n\t\t\t\t<div class=\"elementor-widget-container\">\n\t\t\t\t\t\t\t\t\t<p>Promover la formaci\u00f3n integral y sostenible de gestores\/as y formuladores\/as para el desarrollo de proyectos de intervenci\u00f3n\/ transferencia\/ vinculaci\u00f3n social.<\/p>\t\t\t\t\t\t\t\t<\/div>\n\t\t\t\t<\/div>\n\t\t\t\t\t<\/div>\n\t\t<\/div>\n\t\t\t\t\t<\/div>\n\t\t<\/section>\n\t\t\t\t<section class=\"elementor-section elementor-inner-section elementor-element elementor-element-77c5f43 elementor-section-boxed elementor-section-height-default elementor-section-height-default\" data-id=\"77c5f43\" data-element_type=\"section\" data-e-type=\"section\">\n\t\t\t\t\t\t<div class=\"elementor-container elementor-column-gap-default\">\n\t\t\t\t\t<div class=\"elementor-column elementor-col-50 elementor-inner-column elementor-element elementor-element-8b9331b animated-slow elementor-invisible\" data-id=\"8b9331b\" data-element_type=\"column\" data-e-type=\"column\" data-settings=\"{&quot;animation&quot;:&quot;zoomInUp&quot;}\">\n\t\t\t<div class=\"elementor-widget-wrap elementor-element-populated\">\n\t\t\t\t\t\t<div class=\"elementor-element elementor-element-cb983c6 animated-slow elementor-widget elementor-widget-image\" data-id=\"cb983c6\" data-element_type=\"widget\" data-e-type=\"widget\" data-settings=\"{&quot;_animation&quot;:&quot;none&quot;}\" data-widget_type=\"image.default\">\n\t\t\t\t<div class=\"elementor-widget-container\">\n\t\t\t\t\t\t\t\t\t\t\t\t\t\t\t<img loading=\"lazy\" decoding=\"async\" width=\"561\" height=\"513\" src=\"https:\/\/iyp.fcejs.unsl.edu.ar\/wp-content\/uploads\/2020\/03\/EISNAJ.png\" class=\"attachment-large size-large wp-image-2810\" alt=\"\" srcset=\"https:\/\/iyp.fcejs.unsl.edu.ar\/wp-content\/uploads\/2020\/03\/EISNAJ.png 561w, https:\/\/iyp.fcejs.unsl.edu.ar\/wp-content\/uploads\/2020\/03\/EISNAJ-300x274.png 300w\" sizes=\"(max-width: 561px) 100vw, 561px\" \/>\t\t\t\t\t\t\t\t\t\t\t\t\t\t\t<\/div>\n\t\t\t\t<\/div>\n\t\t\t\t<div class=\"elementor-element elementor-element-559b1c2 elementor-button-info elementor-align-center elementor-widget elementor-widget-button\" data-id=\"559b1c2\" data-element_type=\"widget\" data-e-type=\"widget\" data-widget_type=\"button.default\">\n\t\t\t\t<div class=\"elementor-widget-container\">\n\t\t\t\t\t\t\t\t\t<div class=\"elementor-button-wrapper\">\n\t\t\t\t\t<a class=\"elementor-button elementor-button-link elementor-size-sm\" href=\"https:\/\/iyp.fcejs.unsl.edu.ar\/index.php\/eisnaj\/\">\n\t\t\t\t\t\t<span class=\"elementor-button-content-wrapper\">\n\t\t\t\t\t\t\t\t\t<span class=\"elementor-button-text\">M\u00e1s informaci\u00f3n<\/span>\n\t\t\t\t\t<\/span>\n\t\t\t\t\t<\/a>\n\t\t\t\t<\/div>\n\t\t\t\t\t\t\t\t<\/div>\n\t\t\t\t<\/div>\n\t\t\t\t\t<\/div>\n\t\t<\/div>\n\t\t\t\t<div class=\"elementor-column elementor-col-50 elementor-inner-column elementor-element elementor-element-eedbeee animated-slow elementor-invisible\" data-id=\"eedbeee\" data-element_type=\"column\" data-e-type=\"column\" data-settings=\"{&quot;animation&quot;:&quot;zoomInLeft&quot;}\">\n\t\t\t<div class=\"elementor-widget-wrap elementor-element-populated\">\n\t\t\t\t\t\t<div class=\"elementor-element elementor-element-e92d36a elementor-align-left elementor-widget elementor-widget-button\" data-id=\"e92d36a\" data-element_type=\"widget\" data-e-type=\"widget\" data-widget_type=\"button.default\">\n\t\t\t\t<div class=\"elementor-widget-container\">\n\t\t\t\t\t\t\t\t\t<div class=\"elementor-button-wrapper\">\n\t\t\t\t\t<a class=\"elementor-button elementor-size-sm\" role=\"button\">\n\t\t\t\t\t\t<span class=\"elementor-button-content-wrapper\">\n\t\t\t\t\t\t<span class=\"elementor-button-icon\">\n\t\t\t\t<i aria-hidden=\"true\" class=\"fas fa-user-graduate\"><\/i>\t\t\t<\/span>\n\t\t\t\t\t\t\t\t\t<span class=\"elementor-button-text\">Titulo a otorgar: Especialista en Intervenciones Sociales Ni\u00f1os\/as, adolescentes y j\u00f3venes<\/span>\n\t\t\t\t\t<\/span>\n\t\t\t\t\t<\/a>\n\t\t\t\t<\/div>\n\t\t\t\t\t\t\t\t<\/div>\n\t\t\t\t<\/div>\n\t\t\t\t<div class=\"elementor-element elementor-element-0431c40 elementor-widget elementor-widget-text-editor\" data-id=\"0431c40\" data-element_type=\"widget\" data-e-type=\"widget\" data-widget_type=\"text-editor.default\">\n\t\t\t\t<div class=\"elementor-widget-container\">\n\t\t\t\t\t\t\t\t\t<p>Acred CONEAU Res592 \/19<br \/>Reconocimiento Oficial de t\u00edtulo Res M Res M 1031\/2014<br \/>Plan de estudios <a href=\"https:\/\/iyp.fcejs.unsl.edu.ar\/docs\/especializacion\/IS\/Ord.%20CD%2012-19%20-%20Plan%20de%20Estudios%20%20Especializacion%20en%20Intervenciones%20Sociales%20con%20Ni%c3%b1os-as,%20Adolescentes%20y%20Jovenes.pdf\">OCD 12\/19<\/a><br \/>Reglamento de carrera <a href=\"https:\/\/iyp.fcejs.unsl.edu.ar\/docs\/especializacion\/IS\/Ord.%20CD%2005-18%20-%20Reglamento%20Especializacion%20en%20Intervenciones%20Sociales%20con%20Ni%c3%b1os-as,%20Adolescentes%20y%20Jovenes.pdf\">OCD 05\/18<\/a><\/p>\t\t\t\t\t\t\t\t<\/div>\n\t\t\t\t<\/div>\n\t\t\t\t<div class=\"elementor-element elementor-element-033071d elementor-align-left elementor-widget elementor-widget-button\" data-id=\"033071d\" data-element_type=\"widget\" data-e-type=\"widget\" data-widget_type=\"button.default\">\n\t\t\t\t<div class=\"elementor-widget-container\">\n\t\t\t\t\t\t\t\t\t<div class=\"elementor-button-wrapper\">\n\t\t\t\t\t<a class=\"elementor-button elementor-size-sm\" role=\"button\">\n\t\t\t\t\t\t<span class=\"elementor-button-content-wrapper\">\n\t\t\t\t\t\t\t\t\t<span class=\"elementor-button-text\">Director: Mg. Alberto Taborda<\/span>\n\t\t\t\t\t<\/span>\n\t\t\t\t\t<\/a>\n\t\t\t\t<\/div>\n\t\t\t\t\t\t\t\t<\/div>\n\t\t\t\t<\/div>\n\t\t\t\t<div class=\"elementor-element elementor-element-76f8c4e elementor-align-left elementor-widget elementor-widget-button\" data-id=\"76f8c4e\" data-element_type=\"widget\" data-e-type=\"widget\" data-widget_type=\"button.default\">\n\t\t\t\t<div class=\"elementor-widget-container\">\n\t\t\t\t\t\t\t\t\t<div class=\"elementor-button-wrapper\">\n\t\t\t\t\t<a class=\"elementor-button elementor-size-sm\" role=\"button\">\n\t\t\t\t\t\t<span class=\"elementor-button-content-wrapper\">\n\t\t\t\t\t\t\t\t\t<span class=\"elementor-button-text\">Destinatarios<\/span>\n\t\t\t\t\t<\/span>\n\t\t\t\t\t<\/a>\n\t\t\t\t<\/div>\n\t\t\t\t\t\t\t\t<\/div>\n\t\t\t\t<\/div>\n\t\t\t\t<div class=\"elementor-element elementor-element-b6bd218 elementor-widget elementor-widget-text-editor\" data-id=\"b6bd218\" data-element_type=\"widget\" data-e-type=\"widget\" data-widget_type=\"text-editor.default\">\n\t\t\t\t<div class=\"elementor-widget-container\">\n\t\t\t\t\t\t\t\t\t<p>Podr\u00e1n postularse, para acceder a la formaci\u00f3n de posgrado, los graduados con t\u00edtulo universitario de grado del pa\u00eds y del extranjero que tengan como m\u00ednimo una duraci\u00f3n de cuatro (4) a\u00f1os.<\/p>\t\t\t\t\t\t\t\t<\/div>\n\t\t\t\t<\/div>\n\t\t\t\t<div class=\"elementor-element elementor-element-5fdc673 elementor-align-left elementor-widget elementor-widget-button\" data-id=\"5fdc673\" data-element_type=\"widget\" data-e-type=\"widget\" data-widget_type=\"button.default\">\n\t\t\t\t<div class=\"elementor-widget-container\">\n\t\t\t\t\t\t\t\t\t<div class=\"elementor-button-wrapper\">\n\t\t\t\t\t<a class=\"elementor-button elementor-size-sm\" role=\"button\">\n\t\t\t\t\t\t<span class=\"elementor-button-content-wrapper\">\n\t\t\t\t\t\t\t\t\t<span class=\"elementor-button-text\">Objetivos<\/span>\n\t\t\t\t\t<\/span>\n\t\t\t\t\t<\/a>\n\t\t\t\t<\/div>\n\t\t\t\t\t\t\t\t<\/div>\n\t\t\t\t<\/div>\n\t\t\t\t<div class=\"elementor-element elementor-element-49e7b54 elementor-widget elementor-widget-text-editor\" data-id=\"49e7b54\" data-element_type=\"widget\" data-e-type=\"widget\" data-widget_type=\"text-editor.default\">\n\t\t\t\t<div class=\"elementor-widget-container\">\n\t\t\t\t\t\t\t\t\t<ul>\n<li>Formar especialistas en intervenciones sociales con ni\u00f1os, ni\u00f1as, adolescentes y j\u00f3venes capaces de establecer una agenda p\u00fablica que priorice un orden social alternativo a los discursos y pr\u00e1cticas imperantes.<\/li>\n<li>Brindar herramientas te\u00f3rico metodol\u00f3gicas para reconocer las distintas representaciones sociales que circulan en contextos y campos discursivos de lo que significa ser ni\u00f1o, adolescente y joven.<\/li>\n<li>Contribuir a la apropiaci\u00f3n de n\u00facleos tem\u00e1ticos de las ciencias sociales que articulen en forma creativa la relaci\u00f3n entre la producci\u00f3n del conocimiento y la intervenci\u00f3n social.<\/li>\n<li>Aportar a la cualificaci\u00f3n de los desempe\u00f1os profesionales, el trabajo en equipo interdisciplinario y las estrategias de intervenci\u00f3n con infancias, adolescencias y juventudes.<\/li>\n<li>Promover capacidades para el asesoramiento, gesti\u00f3n y evaluaci\u00f3n de pol\u00edticas y programas en diferentes \u00e1mbitos institucionales.<\/li>\n<li>Impulsar la constituci\u00f3n de una \u201cmasa cr\u00edtica\u201d para el estudio\u00a0 de las problem\u00e1ticas sociales e institucionales relacionadas a la infancia, la adolescencia y la juventud, ampliando la agenda p\u00fablica y la exigibilidad de los derechos.<\/li>\n<\/ul>\t\t\t\t\t\t\t\t<\/div>\n\t\t\t\t<\/div>\n\t\t\t\t\t<\/div>\n\t\t<\/div>\n\t\t\t\t\t<\/div>\n\t\t<\/section>\n\t\t\t\t<section class=\"elementor-section elementor-inner-section elementor-element elementor-element-4af316b elementor-section-boxed elementor-section-height-default elementor-section-height-default\" data-id=\"4af316b\" data-element_type=\"section\" data-e-type=\"section\">\n\t\t\t\t\t\t<div class=\"elementor-container elementor-column-gap-default\">\n\t\t\t\t\t<div class=\"elementor-column elementor-col-50 elementor-inner-column elementor-element elementor-element-1d59503 animated-slow elementor-invisible\" data-id=\"1d59503\" data-element_type=\"column\" data-e-type=\"column\" data-settings=\"{&quot;animation&quot;:&quot;zoomInUp&quot;}\">\n\t\t\t<div class=\"elementor-widget-wrap elementor-element-populated\">\n\t\t\t\t\t\t<div class=\"elementor-element elementor-element-d8ee6f1 elementor-invisible elementor-widget elementor-widget-image\" data-id=\"d8ee6f1\" data-element_type=\"widget\" data-e-type=\"widget\" data-settings=\"{&quot;_animation&quot;:&quot;zoomInUp&quot;}\" data-widget_type=\"image.default\">\n\t\t\t\t<div class=\"elementor-widget-container\">\n\t\t\t\t\t\t\t\t\t\t\t\t\t\t\t<img loading=\"lazy\" decoding=\"async\" width=\"561\" height=\"513\" src=\"https:\/\/iyp.fcejs.unsl.edu.ar\/wp-content\/uploads\/2020\/03\/EESyL.png\" class=\"attachment-large size-large wp-image-2849\" alt=\"\" srcset=\"https:\/\/iyp.fcejs.unsl.edu.ar\/wp-content\/uploads\/2020\/03\/EESyL.png 561w, https:\/\/iyp.fcejs.unsl.edu.ar\/wp-content\/uploads\/2020\/03\/EESyL-300x274.png 300w\" sizes=\"(max-width: 561px) 100vw, 561px\" \/>\t\t\t\t\t\t\t\t\t\t\t\t\t\t\t<\/div>\n\t\t\t\t<\/div>\n\t\t\t\t<div class=\"elementor-element elementor-element-29cb13d elementor-button-info elementor-align-center elementor-widget elementor-widget-button\" data-id=\"29cb13d\" data-element_type=\"widget\" data-e-type=\"widget\" data-widget_type=\"button.default\">\n\t\t\t\t<div class=\"elementor-widget-container\">\n\t\t\t\t\t\t\t\t\t<div class=\"elementor-button-wrapper\">\n\t\t\t\t\t<a class=\"elementor-button elementor-button-link elementor-size-sm\" href=\"https:\/\/iyp.fcejs.unsl.edu.ar\/index.php\/eesl\/\">\n\t\t\t\t\t\t<span class=\"elementor-button-content-wrapper\">\n\t\t\t\t\t\t\t\t\t<span class=\"elementor-button-text\">M\u00e1s informaci\u00f3n<\/span>\n\t\t\t\t\t<\/span>\n\t\t\t\t\t<\/a>\n\t\t\t\t<\/div>\n\t\t\t\t\t\t\t\t<\/div>\n\t\t\t\t<\/div>\n\t\t\t\t\t<\/div>\n\t\t<\/div>\n\t\t\t\t<div class=\"elementor-column elementor-col-50 elementor-inner-column elementor-element elementor-element-1caabdd animated-slow\" data-id=\"1caabdd\" data-element_type=\"column\" data-e-type=\"column\" data-settings=\"{&quot;animation&quot;:&quot;none&quot;}\">\n\t\t\t<div class=\"elementor-widget-wrap elementor-element-populated\">\n\t\t\t\t\t\t<div class=\"elementor-element elementor-element-f948399 elementor-align-left elementor-widget elementor-widget-button\" data-id=\"f948399\" data-element_type=\"widget\" data-e-type=\"widget\" data-widget_type=\"button.default\">\n\t\t\t\t<div class=\"elementor-widget-container\">\n\t\t\t\t\t\t\t\t\t<div class=\"elementor-button-wrapper\">\n\t\t\t\t\t<a class=\"elementor-button elementor-size-sm\" role=\"button\">\n\t\t\t\t\t\t<span class=\"elementor-button-content-wrapper\">\n\t\t\t\t\t\t<span class=\"elementor-button-icon\">\n\t\t\t\t<i aria-hidden=\"true\" class=\"fas fa-user-graduate\"><\/i>\t\t\t<\/span>\n\t\t\t\t\t\t\t\t\t<span class=\"elementor-button-text\">Titulo a otorgar: Especialista en Estudios Socioecon\u00f3micos Latinoamericanos<\/span>\n\t\t\t\t\t<\/span>\n\t\t\t\t\t<\/a>\n\t\t\t\t<\/div>\n\t\t\t\t\t\t\t\t<\/div>\n\t\t\t\t<\/div>\n\t\t\t\t<div class=\"elementor-element elementor-element-e21ce60 elementor-widget elementor-widget-text-editor\" data-id=\"e21ce60\" data-element_type=\"widget\" data-e-type=\"widget\" data-widget_type=\"text-editor.default\">\n\t\t\t\t<div class=\"elementor-widget-container\">\n\t\t\t\t\t\t\t\t\t<p>Aprob. CONEAU Acta 492\/18<br \/>Reconocimiento Ministerial Res 3059\/19<br \/>Plan de estudios <a href=\"https:\/\/iyp.fcejs.unsl.edu.ar\/docs\/especializacion\/ESL\/Ord.%20CD%2001-17%20-%20Creaci%c3%b3n%20y%20Plan%20de%20Estudios%20de%20Esp.%20en%20Estudios%20Socioeconomicos%20Latinoamericanos.pdf\">01\/17<\/a><br \/>Reglamento Carrera <a href=\"https:\/\/iyp.fcejs.unsl.edu.ar\/docs\/especializacion\/ESL\/Ord.%20CD%2010-19%20%20Reglamento%20Especializacion%20en%20Estudios%20Socioeconomicos%20Latinoamericanos.pdf\">OCD 10\/19<\/a><\/p>\t\t\t\t\t\t\t\t<\/div>\n\t\t\t\t<\/div>\n\t\t\t\t<div class=\"elementor-element elementor-element-06c5123 elementor-align-left elementor-widget elementor-widget-button\" data-id=\"06c5123\" data-element_type=\"widget\" data-e-type=\"widget\" data-widget_type=\"button.default\">\n\t\t\t\t<div class=\"elementor-widget-container\">\n\t\t\t\t\t\t\t\t\t<div class=\"elementor-button-wrapper\">\n\t\t\t\t\t<a class=\"elementor-button elementor-size-sm\" role=\"button\">\n\t\t\t\t\t\t<span class=\"elementor-button-content-wrapper\">\n\t\t\t\t\t\t\t\t\t<span class=\"elementor-button-text\">Director: Dr. Enrique Elorza<\/span>\n\t\t\t\t\t<\/span>\n\t\t\t\t\t<\/a>\n\t\t\t\t<\/div>\n\t\t\t\t\t\t\t\t<\/div>\n\t\t\t\t<\/div>\n\t\t\t\t<div class=\"elementor-element elementor-element-8d5a1c9 elementor-align-left elementor-widget elementor-widget-button\" data-id=\"8d5a1c9\" data-element_type=\"widget\" data-e-type=\"widget\" data-widget_type=\"button.default\">\n\t\t\t\t<div class=\"elementor-widget-container\">\n\t\t\t\t\t\t\t\t\t<div class=\"elementor-button-wrapper\">\n\t\t\t\t\t<a class=\"elementor-button elementor-size-sm\" role=\"button\">\n\t\t\t\t\t\t<span class=\"elementor-button-content-wrapper\">\n\t\t\t\t\t\t\t\t\t<span class=\"elementor-button-text\">Destinatarios<\/span>\n\t\t\t\t\t<\/span>\n\t\t\t\t\t<\/a>\n\t\t\t\t<\/div>\n\t\t\t\t\t\t\t\t<\/div>\n\t\t\t\t<\/div>\n\t\t\t\t<div class=\"elementor-element elementor-element-73f7748 elementor-widget elementor-widget-text-editor\" data-id=\"73f7748\" data-element_type=\"widget\" data-e-type=\"widget\" data-widget_type=\"text-editor.default\">\n\t\t\t\t<div class=\"elementor-widget-container\">\n\t\t\t\t\t\t\t\t\t<p>Graduados con t\u00edtulo universitario de grado del pa\u00eds y del extranjero que tengan como m\u00ednimo una duraci\u00f3n de cuatro (4) a\u00f1os.<\/p>\t\t\t\t\t\t\t\t<\/div>\n\t\t\t\t<\/div>\n\t\t\t\t<div class=\"elementor-element elementor-element-72e8711 elementor-align-left elementor-widget elementor-widget-button\" data-id=\"72e8711\" data-element_type=\"widget\" data-e-type=\"widget\" data-widget_type=\"button.default\">\n\t\t\t\t<div class=\"elementor-widget-container\">\n\t\t\t\t\t\t\t\t\t<div class=\"elementor-button-wrapper\">\n\t\t\t\t\t<a class=\"elementor-button elementor-size-sm\" role=\"button\">\n\t\t\t\t\t\t<span class=\"elementor-button-content-wrapper\">\n\t\t\t\t\t\t\t\t\t<span class=\"elementor-button-text\">Objetivos<\/span>\n\t\t\t\t\t<\/span>\n\t\t\t\t\t<\/a>\n\t\t\t\t<\/div>\n\t\t\t\t\t\t\t\t<\/div>\n\t\t\t\t<\/div>\n\t\t\t\t<div class=\"elementor-element elementor-element-280b385 elementor-widget elementor-widget-text-editor\" data-id=\"280b385\" data-element_type=\"widget\" data-e-type=\"widget\" data-widget_type=\"text-editor.default\">\n\t\t\t\t<div class=\"elementor-widget-container\">\n\t\t\t\t\t\t\t\t\t<p>La Carrera de Posgrado de Especializaci\u00f3n en Estudios Socioecon\u00f3micos Latinoamericanos tiene como prop\u00f3sito contribuir a la formaci\u00f3n de especialistas que comprendan y analicen la realidad desde una perspectiva te\u00f3rica del pensamiento cr\u00edtico latinoamericano, profundizando el proceso de fortalecimiento de la actividad docente e investigativa, con abordajes interdisciplinarios y hol\u00edsticos.<\/p>\t\t\t\t\t\t\t\t<\/div>\n\t\t\t\t<\/div>\n\t\t\t\t\t<\/div>\n\t\t<\/div>\n\t\t\t\t\t<\/div>\n\t\t<\/section>\n\t\t\t\t<section class=\"elementor-section elementor-inner-section elementor-element elementor-element-6859d46 elementor-section-boxed elementor-section-height-default elementor-section-height-default\" data-id=\"6859d46\" data-element_type=\"section\" data-e-type=\"section\">\n\t\t\t\t\t\t<div class=\"elementor-container elementor-column-gap-default\">\n\t\t\t\t\t<div class=\"elementor-column elementor-col-50 elementor-inner-column elementor-element elementor-element-02ba7a8 animated-slow elementor-invisible\" data-id=\"02ba7a8\" data-element_type=\"column\" data-e-type=\"column\" data-settings=\"{&quot;animation&quot;:&quot;zoomInUp&quot;}\">\n\t\t\t<div class=\"elementor-widget-wrap elementor-element-populated\">\n\t\t\t\t\t\t<div class=\"elementor-element elementor-element-587bf66 animated-slow elementor-widget elementor-widget-image\" data-id=\"587bf66\" data-element_type=\"widget\" data-e-type=\"widget\" data-settings=\"{&quot;_animation&quot;:&quot;none&quot;}\" data-widget_type=\"image.default\">\n\t\t\t\t<div class=\"elementor-widget-container\">\n\t\t\t\t\t\t\t\t\t\t\t\t\t\t\t<img loading=\"lazy\" decoding=\"async\" width=\"561\" height=\"513\" src=\"https:\/\/iyp.fcejs.unsl.edu.ar\/wp-content\/uploads\/2020\/03\/EDDHHyAJ.png\" class=\"attachment-large size-large wp-image-2809\" alt=\"\" srcset=\"https:\/\/iyp.fcejs.unsl.edu.ar\/wp-content\/uploads\/2020\/03\/EDDHHyAJ.png 561w, https:\/\/iyp.fcejs.unsl.edu.ar\/wp-content\/uploads\/2020\/03\/EDDHHyAJ-300x274.png 300w\" sizes=\"(max-width: 561px) 100vw, 561px\" \/>\t\t\t\t\t\t\t\t\t\t\t\t\t\t\t<\/div>\n\t\t\t\t<\/div>\n\t\t\t\t<div class=\"elementor-element elementor-element-88f0a1a elementor-button-info elementor-align-center elementor-widget elementor-widget-button\" data-id=\"88f0a1a\" data-element_type=\"widget\" data-e-type=\"widget\" data-widget_type=\"button.default\">\n\t\t\t\t<div class=\"elementor-widget-container\">\n\t\t\t\t\t\t\t\t\t<div class=\"elementor-button-wrapper\">\n\t\t\t\t\t<a class=\"elementor-button elementor-button-link elementor-size-sm\" href=\"http:\/\/edhyaj.fcejs.unsl.edu.ar\/\">\n\t\t\t\t\t\t<span class=\"elementor-button-content-wrapper\">\n\t\t\t\t\t\t\t\t\t<span class=\"elementor-button-text\">M\u00e1s informaci\u00f3n<\/span>\n\t\t\t\t\t<\/span>\n\t\t\t\t\t<\/a>\n\t\t\t\t<\/div>\n\t\t\t\t\t\t\t\t<\/div>\n\t\t\t\t<\/div>\n\t\t\t\t\t<\/div>\n\t\t<\/div>\n\t\t\t\t<div class=\"elementor-column elementor-col-50 elementor-inner-column elementor-element elementor-element-24ccafe animated-slow elementor-invisible\" data-id=\"24ccafe\" data-element_type=\"column\" data-e-type=\"column\" data-settings=\"{&quot;animation&quot;:&quot;zoomInLeft&quot;}\">\n\t\t\t<div class=\"elementor-widget-wrap elementor-element-populated\">\n\t\t\t\t\t\t<div class=\"elementor-element elementor-element-3f108b2 elementor-align-left elementor-widget elementor-widget-button\" data-id=\"3f108b2\" data-element_type=\"widget\" data-e-type=\"widget\" data-widget_type=\"button.default\">\n\t\t\t\t<div class=\"elementor-widget-container\">\n\t\t\t\t\t\t\t\t\t<div class=\"elementor-button-wrapper\">\n\t\t\t\t\t<a class=\"elementor-button elementor-size-sm\" role=\"button\">\n\t\t\t\t\t\t<span class=\"elementor-button-content-wrapper\">\n\t\t\t\t\t\t<span class=\"elementor-button-icon\">\n\t\t\t\t<i aria-hidden=\"true\" class=\"fas fa-user-graduate\"><\/i>\t\t\t<\/span>\n\t\t\t\t\t\t\t\t\t<span class=\"elementor-button-text\">Titulo a otorgar: Especialista en Derechos Humanos y Acceso a la Justicia<\/span>\n\t\t\t\t\t<\/span>\n\t\t\t\t\t<\/a>\n\t\t\t\t<\/div>\n\t\t\t\t\t\t\t\t<\/div>\n\t\t\t\t<\/div>\n\t\t\t\t<div class=\"elementor-element elementor-element-471630b elementor-widget elementor-widget-text-editor\" data-id=\"471630b\" data-element_type=\"widget\" data-e-type=\"widget\" data-widget_type=\"text-editor.default\">\n\t\t\t\t<div class=\"elementor-widget-container\">\n\t\t\t\t\t\t\t\t\t<p>Aprob. CONEAU <a href=\"https:\/\/iyp.fcejs.unsl.edu.ar\/docs\/especializacion\/DDHH\/RES%20391-20%20ESP%20EN%20DERECHOS%20HUMANOS%20Y%20ACCESO%20A%20LA%20JUSTICIA.pdf\">RESOL-2020-391-APN-ME<\/a><br \/>Plan de estudios OCD 03\/17 y OCD 03\/18<br \/>Reglamento de carrera ORD CD 08\/17<\/p>\t\t\t\t\t\t\t\t<\/div>\n\t\t\t\t<\/div>\n\t\t\t\t<div class=\"elementor-element elementor-element-69dd282 elementor-align-left elementor-widget elementor-widget-button\" data-id=\"69dd282\" data-element_type=\"widget\" data-e-type=\"widget\" data-widget_type=\"button.default\">\n\t\t\t\t<div class=\"elementor-widget-container\">\n\t\t\t\t\t\t\t\t\t<div class=\"elementor-button-wrapper\">\n\t\t\t\t\t<a class=\"elementor-button elementor-size-sm\" role=\"button\">\n\t\t\t\t\t\t<span class=\"elementor-button-content-wrapper\">\n\t\t\t\t\t\t\t\t\t<span class=\"elementor-button-text\">Director: Dra. Mar\u00eda Gloria Trocello<\/span>\n\t\t\t\t\t<\/span>\n\t\t\t\t\t<\/a>\n\t\t\t\t<\/div>\n\t\t\t\t\t\t\t\t<\/div>\n\t\t\t\t<\/div>\n\t\t\t\t<div class=\"elementor-element elementor-element-f85465a elementor-align-left elementor-widget elementor-widget-button\" data-id=\"f85465a\" data-element_type=\"widget\" data-e-type=\"widget\" data-widget_type=\"button.default\">\n\t\t\t\t<div class=\"elementor-widget-container\">\n\t\t\t\t\t\t\t\t\t<div class=\"elementor-button-wrapper\">\n\t\t\t\t\t<a class=\"elementor-button elementor-size-sm\" role=\"button\">\n\t\t\t\t\t\t<span class=\"elementor-button-content-wrapper\">\n\t\t\t\t\t\t\t\t\t<span class=\"elementor-button-text\">Destinatarios<\/span>\n\t\t\t\t\t<\/span>\n\t\t\t\t\t<\/a>\n\t\t\t\t<\/div>\n\t\t\t\t\t\t\t\t<\/div>\n\t\t\t\t<\/div>\n\t\t\t\t<div class=\"elementor-element elementor-element-0198112 elementor-widget elementor-widget-text-editor\" data-id=\"0198112\" data-element_type=\"widget\" data-e-type=\"widget\" data-widget_type=\"text-editor.default\">\n\t\t\t\t<div class=\"elementor-widget-container\">\n\t\t\t\t\t\t\t\t\t<p>Graduados universitarios de las disciplinas jur\u00eddicas, sociales y humanas.<\/p>\t\t\t\t\t\t\t\t<\/div>\n\t\t\t\t<\/div>\n\t\t\t\t<div class=\"elementor-element elementor-element-bfc06e8 elementor-align-left elementor-widget elementor-widget-button\" data-id=\"bfc06e8\" data-element_type=\"widget\" data-e-type=\"widget\" data-widget_type=\"button.default\">\n\t\t\t\t<div class=\"elementor-widget-container\">\n\t\t\t\t\t\t\t\t\t<div class=\"elementor-button-wrapper\">\n\t\t\t\t\t<a class=\"elementor-button elementor-size-sm\" role=\"button\">\n\t\t\t\t\t\t<span class=\"elementor-button-content-wrapper\">\n\t\t\t\t\t\t\t\t\t<span class=\"elementor-button-text\">Objetivos<\/span>\n\t\t\t\t\t<\/span>\n\t\t\t\t\t<\/a>\n\t\t\t\t<\/div>\n\t\t\t\t\t\t\t\t<\/div>\n\t\t\t\t<\/div>\n\t\t\t\t<div class=\"elementor-element elementor-element-a38cf43 elementor-widget elementor-widget-text-editor\" data-id=\"a38cf43\" data-element_type=\"widget\" data-e-type=\"widget\" data-widget_type=\"text-editor.default\">\n\t\t\t\t<div class=\"elementor-widget-container\">\n\t\t\t\t\t\t\t\t\t<ul>\n<li>Formar graduados expertos en problem\u00e1ticas de derechos humanos con perspectiva transversal y multidisciplinar proporcionando el conocimiento de herramientas que viabilizan su exigibilidad.<\/li>\n<li>Brindar formaci\u00f3n de posgrado a docentes e investigadores especializ\u00e1ndolos en el estudio de los derechos humanos y su vinculaci\u00f3n con la posibilidad del acceso a la justicia.<\/li>\n<\/ul>\t\t\t\t\t\t\t\t<\/div>\n\t\t\t\t<\/div>\n\t\t\t\t\t<\/div>\n\t\t<\/div>\n\t\t\t\t\t<\/div>\n\t\t<\/section>\n\t\t\t\t<section class=\"elementor-section elementor-inner-section elementor-element elementor-element-19f0160 elementor-section-boxed elementor-section-height-default elementor-section-height-default\" data-id=\"19f0160\" data-element_type=\"section\" data-e-type=\"section\">\n\t\t\t\t\t\t<div class=\"elementor-container elementor-column-gap-default\">\n\t\t\t\t\t<div class=\"elementor-column elementor-col-50 elementor-inner-column elementor-element elementor-element-53de29d animated-slow elementor-invisible\" data-id=\"53de29d\" data-element_type=\"column\" data-e-type=\"column\" data-settings=\"{&quot;animation&quot;:&quot;zoomInUp&quot;}\">\n\t\t\t<div class=\"elementor-widget-wrap elementor-element-populated\">\n\t\t\t\t\t\t<div class=\"elementor-element elementor-element-f6cb7d7 elementor-invisible elementor-widget elementor-widget-image\" data-id=\"f6cb7d7\" data-element_type=\"widget\" data-e-type=\"widget\" data-settings=\"{&quot;_animation&quot;:&quot;zoomInUp&quot;}\" data-widget_type=\"image.default\">\n\t\t\t\t<div class=\"elementor-widget-container\">\n\t\t\t\t\t\t\t\t\t\t\t\t\t\t\t<img loading=\"lazy\" decoding=\"async\" width=\"843\" height=\"783\" src=\"https:\/\/iyp.fcejs.unsl.edu.ar\/wp-content\/uploads\/2020\/10\/flyergenero-texto-inclinado\u00e7-01-1024x951.jpeg\" class=\"attachment-large size-large wp-image-3109\" alt=\"\" srcset=\"https:\/\/iyp.fcejs.unsl.edu.ar\/wp-content\/uploads\/2020\/10\/flyergenero-texto-inclinado\u00e7-01-1024x951.jpeg 1024w, https:\/\/iyp.fcejs.unsl.edu.ar\/wp-content\/uploads\/2020\/10\/flyergenero-texto-inclinado\u00e7-01-300x279.jpeg 300w, https:\/\/iyp.fcejs.unsl.edu.ar\/wp-content\/uploads\/2020\/10\/flyergenero-texto-inclinado\u00e7-01-768x713.jpeg 768w, https:\/\/iyp.fcejs.unsl.edu.ar\/wp-content\/uploads\/2020\/10\/flyergenero-texto-inclinado\u00e7-01-1536x1427.jpeg 1536w, https:\/\/iyp.fcejs.unsl.edu.ar\/wp-content\/uploads\/2020\/10\/flyergenero-texto-inclinado\u00e7-01-2048x1902.jpeg 2048w\" sizes=\"(max-width: 843px) 100vw, 843px\" \/>\t\t\t\t\t\t\t\t\t\t\t\t\t\t\t<\/div>\n\t\t\t\t<\/div>\n\t\t\t\t<div class=\"elementor-element elementor-element-774ddfa elementor-button-info elementor-align-center elementor-widget elementor-widget-button\" data-id=\"774ddfa\" data-element_type=\"widget\" data-e-type=\"widget\" data-widget_type=\"button.default\">\n\t\t\t\t<div class=\"elementor-widget-container\">\n\t\t\t\t\t\t\t\t\t<div class=\"elementor-button-wrapper\">\n\t\t\t\t\t<a class=\"elementor-button elementor-button-link elementor-size-sm\" href=\"https:\/\/iyp.fcejs.unsl.edu.ar\/index.php\/eapspgd\/\">\n\t\t\t\t\t\t<span class=\"elementor-button-content-wrapper\">\n\t\t\t\t\t\t\t\t\t<span class=\"elementor-button-text\">M\u00e1s informaci\u00f3n<\/span>\n\t\t\t\t\t<\/span>\n\t\t\t\t\t<\/a>\n\t\t\t\t<\/div>\n\t\t\t\t\t\t\t\t<\/div>\n\t\t\t\t<\/div>\n\t\t\t\t\t<\/div>\n\t\t<\/div>\n\t\t\t\t<div class=\"elementor-column elementor-col-50 elementor-inner-column elementor-element elementor-element-0c81e71 animated-slow\" data-id=\"0c81e71\" data-element_type=\"column\" data-e-type=\"column\" data-settings=\"{&quot;animation&quot;:&quot;none&quot;}\">\n\t\t\t<div class=\"elementor-widget-wrap elementor-element-populated\">\n\t\t\t\t\t\t<div class=\"elementor-element elementor-element-8463b3f elementor-align-left elementor-widget elementor-widget-button\" data-id=\"8463b3f\" data-element_type=\"widget\" data-e-type=\"widget\" data-widget_type=\"button.default\">\n\t\t\t\t<div class=\"elementor-widget-container\">\n\t\t\t\t\t\t\t\t\t<div class=\"elementor-button-wrapper\">\n\t\t\t\t\t<a class=\"elementor-button elementor-size-sm\" role=\"button\">\n\t\t\t\t\t\t<span class=\"elementor-button-content-wrapper\">\n\t\t\t\t\t\t<span class=\"elementor-button-icon\">\n\t\t\t\t<i aria-hidden=\"true\" class=\"fas fa-user-graduate\"><\/i>\t\t\t<\/span>\n\t\t\t\t\t\t\t\t\t<span class=\"elementor-button-text\">Titulo a otorgar: Especialista en Abordajes de problem\u00e1ticas sociales desde la perspectiva    de g\u00e9nero y diversidad<\/span>\n\t\t\t\t\t<\/span>\n\t\t\t\t\t<\/a>\n\t\t\t\t<\/div>\n\t\t\t\t\t\t\t\t<\/div>\n\t\t\t\t<\/div>\n\t\t\t\t<div class=\"elementor-element elementor-element-9b07b82 elementor-widget elementor-widget-text-editor\" data-id=\"9b07b82\" data-element_type=\"widget\" data-e-type=\"widget\" data-widget_type=\"text-editor.default\">\n\t\t\t\t<div class=\"elementor-widget-container\">\n\t\t\t\t\t\t\t\t\t<p>Aprob. CONEAU <a href=\"https:\/\/iyp.fcejs.unsl.edu.ar\/wp-content\/uploads\/2020\/09\/IF-2020-54456319-APN-CONEAUME.pdf\">N\u00ba 529\/2020<\/a><br \/>Resoluci\u00f3n Ministerial en tr\u00e1mite.<br \/>Creaci\u00f3n <a href=\"https:\/\/iyp.fcejs.unsl.edu.ar\/docs\/especializacion\/APS\/Ord.%20CD%2004-19%20-%20Creacion%20Especializacion%20en%20Abordajes%20de%20problematicas%20sociales%20desde%20la%20perspectiva%20de%20genero%20y%20diversidad.pdf\">Ord. CD 04\/19<\/a>&#8211; FCEJS<br \/>Reglamento de carrera <a href=\"https:\/\/iyp.fcejs.unsl.edu.ar\/docs\/especializacion\/APS\/Ord.%20CD%2006-19%20-%20Reglamento%20Esp.%20en%20Abordajes%20de%20problematicas%20sociales%20desde%20la%20perspectiva%20de%20genero%20y%20diversidad.pdf\">OCD 06\/19<\/a><\/p>\t\t\t\t\t\t\t\t<\/div>\n\t\t\t\t<\/div>\n\t\t\t\t<div class=\"elementor-element elementor-element-2ae9be6 elementor-align-left elementor-widget elementor-widget-button\" data-id=\"2ae9be6\" data-element_type=\"widget\" data-e-type=\"widget\" data-widget_type=\"button.default\">\n\t\t\t\t<div class=\"elementor-widget-container\">\n\t\t\t\t\t\t\t\t\t<div class=\"elementor-button-wrapper\">\n\t\t\t\t\t<a class=\"elementor-button elementor-size-sm\" role=\"button\">\n\t\t\t\t\t\t<span class=\"elementor-button-content-wrapper\">\n\t\t\t\t\t\t\t\t\t<span class=\"elementor-button-text\">Directora: Mg. Anal\u00eda Auc\u00eda<\/span>\n\t\t\t\t\t<\/span>\n\t\t\t\t\t<\/a>\n\t\t\t\t<\/div>\n\t\t\t\t\t\t\t\t<\/div>\n\t\t\t\t<\/div>\n\t\t\t\t<div class=\"elementor-element elementor-element-7dbc179 elementor-widget elementor-widget-text-editor\" data-id=\"7dbc179\" data-element_type=\"widget\" data-e-type=\"widget\" data-widget_type=\"text-editor.default\">\n\t\t\t\t<div class=\"elementor-widget-container\">\n\t\t\t\t\t\t\t\t\t<p><a href=\"mailto:especializaciongenerofcejs@gmail.com\" target=\"_blank\" rel=\"noopener\">Contacto: especializaciongener<wbr \/>ofcejs@gmail.com<\/a><\/p>\t\t\t\t\t\t\t\t<\/div>\n\t\t\t\t<\/div>\n\t\t\t\t<div class=\"elementor-element elementor-element-48b9a23 elementor-align-left elementor-widget elementor-widget-button\" data-id=\"48b9a23\" data-element_type=\"widget\" data-e-type=\"widget\" data-widget_type=\"button.default\">\n\t\t\t\t<div class=\"elementor-widget-container\">\n\t\t\t\t\t\t\t\t\t<div class=\"elementor-button-wrapper\">\n\t\t\t\t\t<a class=\"elementor-button elementor-size-sm\" role=\"button\">\n\t\t\t\t\t\t<span class=\"elementor-button-content-wrapper\">\n\t\t\t\t\t\t\t\t\t<span class=\"elementor-button-text\">Destinatarios<\/span>\n\t\t\t\t\t<\/span>\n\t\t\t\t\t<\/a>\n\t\t\t\t<\/div>\n\t\t\t\t\t\t\t\t<\/div>\n\t\t\t\t<\/div>\n\t\t\t\t<div class=\"elementor-element elementor-element-d58abfc elementor-widget elementor-widget-text-editor\" data-id=\"d58abfc\" data-element_type=\"widget\" data-e-type=\"widget\" data-widget_type=\"text-editor.default\">\n\t\t\t\t<div class=\"elementor-widget-container\">\n\t\t\t\t\t\t\t\t\t<p>Graduadas\/os universitarias\/os de todas las disciplinas. Pueden ingresar a las mismas egresadas\/os de carreras universitarias de grado o de carreras de nivel superior no universitario que tengan, al menos, 4 a\u00f1os de duraci\u00f3n. En este \u00faltimo caso, sus antecedentes deber\u00e1n acreditar que han desarrollado actividades laborales y\/o acad\u00e9micas, en \u00e1reas o tem\u00e1ticas afines a los contenidos y al perfil de la carrera.\u00a0\u00a0<\/p>\t\t\t\t\t\t\t\t<\/div>\n\t\t\t\t<\/div>\n\t\t\t\t<div class=\"elementor-element elementor-element-ce21a0a elementor-align-left elementor-widget elementor-widget-button\" data-id=\"ce21a0a\" data-element_type=\"widget\" data-e-type=\"widget\" data-widget_type=\"button.default\">\n\t\t\t\t<div class=\"elementor-widget-container\">\n\t\t\t\t\t\t\t\t\t<div class=\"elementor-button-wrapper\">\n\t\t\t\t\t<a class=\"elementor-button elementor-size-sm\" role=\"button\">\n\t\t\t\t\t\t<span class=\"elementor-button-content-wrapper\">\n\t\t\t\t\t\t\t\t\t<span class=\"elementor-button-text\">Objetivos<\/span>\n\t\t\t\t\t<\/span>\n\t\t\t\t\t<\/a>\n\t\t\t\t<\/div>\n\t\t\t\t\t\t\t\t<\/div>\n\t\t\t\t<\/div>\n\t\t\t\t<div class=\"elementor-element elementor-element-f75025d elementor-widget elementor-widget-text-editor\" data-id=\"f75025d\" data-element_type=\"widget\" data-e-type=\"widget\" data-widget_type=\"text-editor.default\">\n\t\t\t\t<div class=\"elementor-widget-container\">\n\t\t\t\t\t\t\t\t\t<ul>\n<li>Desarrollar y fortalecer estrategias de abordaje con perspectivas de g\u00e9nero y de diversidad a profesionales de distintas \u00e1reas, tanto en su actuaci\u00f3n individual y particular del ejercicio de su profesi\u00f3n, ya sea como integrantes de organizaciones sociales, agentes y funcionarios estales.<\/li>\n<li>Promover la transverzalizaci\u00f3n de las perspectivas de g\u00e9nero en las pol\u00edticas p\u00fablicas a trav\u00e9s de la formaci\u00f3n de agentes y funcionarios estatales principalmente con responsabilidades de decisi\u00f3n.<\/li>\n<li>Formar a docentes e investigadores\/as universitarios en las herramientas indispensables contenidos en la perspectiva de g\u00e9nero a fin de que la misma tenga una implementaci\u00f3n transversal en las distintas \u00e1reas del quehacer universitario (docencia extensi\u00f3n e investigaci\u00f3n).<\/li>\n<li>Fortalecer la formaci\u00f3n de profesionales, integrantes de organizaciones sociales y agentes y funcionarios estatales, organismos de derechos humanos en la visibilizaci\u00f3n de las diversas desigualdades y discriminaciones basadas en el g\u00e9nero para transformar las pr\u00e1cticas y los sustentos te\u00f3ricos en pos de lograr una sociedad m\u00e1s igualitaria respetuosa de derechos humanos.<\/li>\n<li>Lograr la apropiaci\u00f3n de la pertinencia y necesariedad del criterio del di\u00e1logo y la articulaci\u00f3n permanente entre actores estatales, integrantes de organizaciones sociales, actores universitarios y profesionales aut\u00f3nomos en el dise\u00f1o, la implementaci\u00f3n y el monitoreo de las pol\u00edticas p\u00fablicas y culturales respecto de los contenidos de la carrera.<\/li>\n<\/ul>\t\t\t\t\t\t\t\t<\/div>\n\t\t\t\t<\/div>\n\t\t\t\t\t<\/div>\n\t\t<\/div>\n\t\t\t\t\t<\/div>\n\t\t<\/section>\n\t\t\t\t\t<\/div>\n\t\t<\/div>\n\t\t\t\t\t<\/div>\n\t\t<\/section>\n\t\t\t\t<\/div>\n\t\t","protected":false},"excerpt":{"rendered":"<p>Doctorado M\u00e1s informaci\u00f3n Denominaci\u00f3n de Titulo a otorgar: Doctorado en Ciencias Sociales El Doctorado en Ciencias Sociales es una carrera\u00a0 creada en conjunto entre la&hellip;<\/p>\n","protected":false},"author":5,"featured_media":0,"parent":414,"menu_order":0,"comment_status":"closed","ping_status":"closed","template":"","meta":{"om_disable_all_campaigns":false,"_monsterinsights_skip_tracking":false,"_monsterinsights_sitenote_active":false,"_monsterinsights_sitenote_note":"","_monsterinsights_sitenote_category":0,"_uf_show_specific_survey":0,"_uf_disable_surveys":false,"footnotes":""},"class_list":["post-437","page","type-page","status-publish","hentry"],"yoast_head":"<!-- This site is optimized with the Yoast SEO plugin v27.2 - https:\/\/yoast.com\/product\/yoast-seo-wordpress\/ -->\n<title>Carreras de Posgrado - Secretar\u00eda de Investigaci\u00f3n y Posgrado<\/title>\n<meta name=\"robots\" content=\"index, follow, max-snippet:-1, max-image-preview:large, max-video-preview:-1\" \/>\n<link rel=\"canonical\" href=\"https:\/\/iyp.fcejs.unsl.edu.ar\/index.php\/posgrado\/carreras-de-posgrado\/\" \/>\n<meta property=\"og:locale\" content=\"es_ES\" \/>\n<meta property=\"og:type\" content=\"article\" \/>\n<meta property=\"og:title\" content=\"Carreras de Posgrado - Secretar\u00eda de Investigaci\u00f3n y Posgrado\" \/>\n<meta property=\"og:description\" content=\"Doctorado M\u00e1s informaci\u00f3n Denominaci\u00f3n de Titulo a otorgar: Doctorado en Ciencias Sociales El Doctorado en Ciencias Sociales es una carrera\u00a0 creada en conjunto entre la&hellip;\" \/>\n<meta property=\"og:url\" content=\"https:\/\/iyp.fcejs.unsl.edu.ar\/index.php\/posgrado\/carreras-de-posgrado\/\" \/>\n<meta property=\"og:site_name\" content=\"Secretar\u00eda de Investigaci\u00f3n y Posgrado\" \/>\n<meta property=\"article:modified_time\" content=\"2025-09-22T15:16:27+00:00\" \/>\n<meta property=\"og:image\" content=\"https:\/\/iyp.fcejs.unsl.edu.ar\/wp-content\/uploads\/2025\/05\/DoctoradoCS.jpg\" \/>\n<meta name=\"twitter:card\" content=\"summary_large_image\" \/>\n<meta name=\"twitter:label1\" content=\"Tiempo de lectura\" \/>\n\t<meta name=\"twitter:data1\" content=\"7 minutos\" \/>\n<script type=\"application\/ld+json\" class=\"yoast-schema-graph\">{\"@context\":\"https:\/\/schema.org\",\"@graph\":[{\"@type\":\"WebPage\",\"@id\":\"https:\/\/iyp.fcejs.unsl.edu.ar\/index.php\/posgrado\/carreras-de-posgrado\/\",\"url\":\"https:\/\/iyp.fcejs.unsl.edu.ar\/index.php\/posgrado\/carreras-de-posgrado\/\",\"name\":\"Carreras de Posgrado - Secretar\u00eda de Investigaci\u00f3n y Posgrado\",\"isPartOf\":{\"@id\":\"https:\/\/iyp.fcejs.unsl.edu.ar\/#website\"},\"primaryImageOfPage\":{\"@id\":\"https:\/\/iyp.fcejs.unsl.edu.ar\/index.php\/posgrado\/carreras-de-posgrado\/#primaryimage\"},\"image\":{\"@id\":\"https:\/\/iyp.fcejs.unsl.edu.ar\/index.php\/posgrado\/carreras-de-posgrado\/#primaryimage\"},\"thumbnailUrl\":\"https:\/\/iyp.fcejs.unsl.edu.ar\/wp-content\/uploads\/2025\/05\/DoctoradoCS.jpg\",\"datePublished\":\"2018-09-04T15:29:03+00:00\",\"dateModified\":\"2025-09-22T15:16:27+00:00\",\"breadcrumb\":{\"@id\":\"https:\/\/iyp.fcejs.unsl.edu.ar\/index.php\/posgrado\/carreras-de-posgrado\/#breadcrumb\"},\"inLanguage\":\"es-AR\",\"potentialAction\":[{\"@type\":\"ReadAction\",\"target\":[\"https:\/\/iyp.fcejs.unsl.edu.ar\/index.php\/posgrado\/carreras-de-posgrado\/\"]}]},{\"@type\":\"ImageObject\",\"inLanguage\":\"es-AR\",\"@id\":\"https:\/\/iyp.fcejs.unsl.edu.ar\/index.php\/posgrado\/carreras-de-posgrado\/#primaryimage\",\"url\":\"https:\/\/iyp.fcejs.unsl.edu.ar\/wp-content\/uploads\/2025\/05\/DoctoradoCS.jpg\",\"contentUrl\":\"https:\/\/iyp.fcejs.unsl.edu.ar\/wp-content\/uploads\/2025\/05\/DoctoradoCS.jpg\"},{\"@type\":\"BreadcrumbList\",\"@id\":\"https:\/\/iyp.fcejs.unsl.edu.ar\/index.php\/posgrado\/carreras-de-posgrado\/#breadcrumb\",\"itemListElement\":[{\"@type\":\"ListItem\",\"position\":1,\"name\":\"Inicio\",\"item\":\"https:\/\/iyp.fcejs.unsl.edu.ar\/\"},{\"@type\":\"ListItem\",\"position\":2,\"name\":\"Posgrado\",\"item\":\"https:\/\/iyp.fcejs.unsl.edu.ar\/index.php\/posgrado\/\"},{\"@type\":\"ListItem\",\"position\":3,\"name\":\"Carreras de Posgrado\"}]},{\"@type\":\"WebSite\",\"@id\":\"https:\/\/iyp.fcejs.unsl.edu.ar\/#website\",\"url\":\"https:\/\/iyp.fcejs.unsl.edu.ar\/\",\"name\":\"Secretar\u00eda de Investigaci\u00f3n y Posgrado\",\"description\":\"FCEJS - UNSL\",\"publisher\":{\"@id\":\"https:\/\/iyp.fcejs.unsl.edu.ar\/#organization\"},\"potentialAction\":[{\"@type\":\"SearchAction\",\"target\":{\"@type\":\"EntryPoint\",\"urlTemplate\":\"https:\/\/iyp.fcejs.unsl.edu.ar\/?s={search_term_string}\"},\"query-input\":{\"@type\":\"PropertyValueSpecification\",\"valueRequired\":true,\"valueName\":\"search_term_string\"}}],\"inLanguage\":\"es-AR\"},{\"@type\":\"Organization\",\"@id\":\"https:\/\/iyp.fcejs.unsl.edu.ar\/#organization\",\"name\":\"FCEJS - Secretar\u00eda de Investigaci\u00f3n y Posgrado\",\"url\":\"https:\/\/iyp.fcejs.unsl.edu.ar\/\",\"logo\":{\"@type\":\"ImageObject\",\"inLanguage\":\"es-AR\",\"@id\":\"https:\/\/iyp.fcejs.unsl.edu.ar\/#\/schema\/logo\/image\/\",\"url\":\"https:\/\/iyp.fcejs.unsl.edu.ar\/wp-content\/uploads\/2020\/03\/LogoFCEJS.png\",\"contentUrl\":\"https:\/\/iyp.fcejs.unsl.edu.ar\/wp-content\/uploads\/2020\/03\/LogoFCEJS.png\",\"width\":609,\"height\":584,\"caption\":\"FCEJS - Secretar\u00eda de Investigaci\u00f3n y Posgrado\"},\"image\":{\"@id\":\"https:\/\/iyp.fcejs.unsl.edu.ar\/#\/schema\/logo\/image\/\"}}]}<\/script>\n<!-- \/ Yoast SEO plugin. -->","yoast_head_json":{"title":"Carreras de Posgrado - Secretar\u00eda de Investigaci\u00f3n y Posgrado","robots":{"index":"index","follow":"follow","max-snippet":"max-snippet:-1","max-image-preview":"max-image-preview:large","max-video-preview":"max-video-preview:-1"},"canonical":"https:\/\/iyp.fcejs.unsl.edu.ar\/index.php\/posgrado\/carreras-de-posgrado\/","og_locale":"es_ES","og_type":"article","og_title":"Carreras de Posgrado - Secretar\u00eda de Investigaci\u00f3n y Posgrado","og_description":"Doctorado M\u00e1s informaci\u00f3n Denominaci\u00f3n de Titulo a otorgar: Doctorado en Ciencias Sociales El Doctorado en Ciencias Sociales es una carrera\u00a0 creada en conjunto entre la&hellip;","og_url":"https:\/\/iyp.fcejs.unsl.edu.ar\/index.php\/posgrado\/carreras-de-posgrado\/","og_site_name":"Secretar\u00eda de Investigaci\u00f3n y Posgrado","article_modified_time":"2025-09-22T15:16:27+00:00","og_image":[{"url":"https:\/\/iyp.fcejs.unsl.edu.ar\/wp-content\/uploads\/2025\/05\/DoctoradoCS.jpg","type":"","width":"","height":""}],"twitter_card":"summary_large_image","twitter_misc":{"Tiempo de lectura":"7 minutos"},"schema":{"@context":"https:\/\/schema.org","@graph":[{"@type":"WebPage","@id":"https:\/\/iyp.fcejs.unsl.edu.ar\/index.php\/posgrado\/carreras-de-posgrado\/","url":"https:\/\/iyp.fcejs.unsl.edu.ar\/index.php\/posgrado\/carreras-de-posgrado\/","name":"Carreras de Posgrado - Secretar\u00eda de Investigaci\u00f3n y Posgrado","isPartOf":{"@id":"https:\/\/iyp.fcejs.unsl.edu.ar\/#website"},"primaryImageOfPage":{"@id":"https:\/\/iyp.fcejs.unsl.edu.ar\/index.php\/posgrado\/carreras-de-posgrado\/#primaryimage"},"image":{"@id":"https:\/\/iyp.fcejs.unsl.edu.ar\/index.php\/posgrado\/carreras-de-posgrado\/#primaryimage"},"thumbnailUrl":"https:\/\/iyp.fcejs.unsl.edu.ar\/wp-content\/uploads\/2025\/05\/DoctoradoCS.jpg","datePublished":"2018-09-04T15:29:03+00:00","dateModified":"2025-09-22T15:16:27+00:00","breadcrumb":{"@id":"https:\/\/iyp.fcejs.unsl.edu.ar\/index.php\/posgrado\/carreras-de-posgrado\/#breadcrumb"},"inLanguage":"es-AR","potentialAction":[{"@type":"ReadAction","target":["https:\/\/iyp.fcejs.unsl.edu.ar\/index.php\/posgrado\/carreras-de-posgrado\/"]}]},{"@type":"ImageObject","inLanguage":"es-AR","@id":"https:\/\/iyp.fcejs.unsl.edu.ar\/index.php\/posgrado\/carreras-de-posgrado\/#primaryimage","url":"https:\/\/iyp.fcejs.unsl.edu.ar\/wp-content\/uploads\/2025\/05\/DoctoradoCS.jpg","contentUrl":"https:\/\/iyp.fcejs.unsl.edu.ar\/wp-content\/uploads\/2025\/05\/DoctoradoCS.jpg"},{"@type":"BreadcrumbList","@id":"https:\/\/iyp.fcejs.unsl.edu.ar\/index.php\/posgrado\/carreras-de-posgrado\/#breadcrumb","itemListElement":[{"@type":"ListItem","position":1,"name":"Inicio","item":"https:\/\/iyp.fcejs.unsl.edu.ar\/"},{"@type":"ListItem","position":2,"name":"Posgrado","item":"https:\/\/iyp.fcejs.unsl.edu.ar\/index.php\/posgrado\/"},{"@type":"ListItem","position":3,"name":"Carreras de Posgrado"}]},{"@type":"WebSite","@id":"https:\/\/iyp.fcejs.unsl.edu.ar\/#website","url":"https:\/\/iyp.fcejs.unsl.edu.ar\/","name":"Secretar\u00eda de Investigaci\u00f3n y Posgrado","description":"FCEJS - UNSL","publisher":{"@id":"https:\/\/iyp.fcejs.unsl.edu.ar\/#organization"},"potentialAction":[{"@type":"SearchAction","target":{"@type":"EntryPoint","urlTemplate":"https:\/\/iyp.fcejs.unsl.edu.ar\/?s={search_term_string}"},"query-input":{"@type":"PropertyValueSpecification","valueRequired":true,"valueName":"search_term_string"}}],"inLanguage":"es-AR"},{"@type":"Organization","@id":"https:\/\/iyp.fcejs.unsl.edu.ar\/#organization","name":"FCEJS - Secretar\u00eda de Investigaci\u00f3n y Posgrado","url":"https:\/\/iyp.fcejs.unsl.edu.ar\/","logo":{"@type":"ImageObject","inLanguage":"es-AR","@id":"https:\/\/iyp.fcejs.unsl.edu.ar\/#\/schema\/logo\/image\/","url":"https:\/\/iyp.fcejs.unsl.edu.ar\/wp-content\/uploads\/2020\/03\/LogoFCEJS.png","contentUrl":"https:\/\/iyp.fcejs.unsl.edu.ar\/wp-content\/uploads\/2020\/03\/LogoFCEJS.png","width":609,"height":584,"caption":"FCEJS - Secretar\u00eda de Investigaci\u00f3n y Posgrado"},"image":{"@id":"https:\/\/iyp.fcejs.unsl.edu.ar\/#\/schema\/logo\/image\/"}}]}},"_links":{"self":[{"href":"https:\/\/iyp.fcejs.unsl.edu.ar\/index.php\/wp-json\/wp\/v2\/pages\/437","targetHints":{"allow":["GET"]}}],"collection":[{"href":"https:\/\/iyp.fcejs.unsl.edu.ar\/index.php\/wp-json\/wp\/v2\/pages"}],"about":[{"href":"https:\/\/iyp.fcejs.unsl.edu.ar\/index.php\/wp-json\/wp\/v2\/types\/page"}],"author":[{"embeddable":true,"href":"https:\/\/iyp.fcejs.unsl.edu.ar\/index.php\/wp-json\/wp\/v2\/users\/5"}],"replies":[{"embeddable":true,"href":"https:\/\/iyp.fcejs.unsl.edu.ar\/index.php\/wp-json\/wp\/v2\/comments?post=437"}],"version-history":[{"count":35,"href":"https:\/\/iyp.fcejs.unsl.edu.ar\/index.php\/wp-json\/wp\/v2\/pages\/437\/revisions"}],"predecessor-version":[{"id":3827,"href":"https:\/\/iyp.fcejs.unsl.edu.ar\/index.php\/wp-json\/wp\/v2\/pages\/437\/revisions\/3827"}],"up":[{"embeddable":true,"href":"https:\/\/iyp.fcejs.unsl.edu.ar\/index.php\/wp-json\/wp\/v2\/pages\/414"}],"wp:attachment":[{"href":"https:\/\/iyp.fcejs.unsl.edu.ar\/index.php\/wp-json\/wp\/v2\/media?parent=437"}],"curies":[{"name":"wp","href":"https:\/\/api.w.org\/{rel}","templated":true}]}}